{"id":132799,"date":"2025-04-15T19:11:00","date_gmt":"2025-04-15T16:11:00","guid":{"rendered":"https:\/\/eu4moldova.eu\/?page_id=132799"},"modified":"2025-05-22T16:16:03","modified_gmt":"2025-05-22T13:16:03","slug":"europe-day-2025","status":"publish","type":"page","link":"https:\/\/eu4moldova.eu\/en\/europe-day-2025\/","title":{"rendered":"Europe Day 2025"},"content":{"rendered":"<p><img decoding=\"async\" src=\"\/wp-content\/uploads\/2025\/04\/Europe-Day_2025_Generic_En-scaled.png\" alt=\"\"><\/p>\n<div>\n<table cellspacing=\"0\" cellpadding=\"3\" dir=\"ltr\" border=\"1\" style=\"border-collapse: collapse; width: 100%;\">\n<colgroup>\n<col style=\"width: 10%;\" \/>\n<col style=\"width: 10%;\" \/>\n<col style=\"width: 20%;\" \/>\n<col style=\"width: 60%;\" \/>\n  <\/colgroup>\n<tbody>\n    <!-- Combined title row --><\/p>\n<tr>\n<td colspan=\"4\" style=\"text-align: center; background-color: #003399; color: white; font-weight: bold; padding: 6px; line-height: 1.3;\">\n        EUROPEAN FILM AND CULTURE FESTIVAL, 19\u201331 MAY 2025<br \/>\n        Venue: various locations listed below\n      <\/td>\n<\/tr>\n<p>    <!-- Table headers --><\/p>\n<tr style=\"background-color: #FFD700; color: #003399;\">\n<td><strong>Date<\/strong><\/td>\n<td><strong>Time<\/strong><\/td>\n<td><strong>Location<\/strong><\/td>\n<td><strong>Event<\/strong><\/td>\n<\/tr>\n<p>    <!-- Event rows --><\/p>\n<tr>\n<td>14-31 May<\/td>\n<td>10:00<\/td>\n<td>Chi\u0219in\u0103u, Moldova State University, Faculty of Letters<\/td>\n<td><strong style=\"color: #003399;\">Exhibition \u201cIngeborg Bachmann \u2013 Writing against the War\u201d<\/strong><br \/>\n        This exhibition is dedicated to life and work of Austrian author Ingeborg Bachmann (1926\u20131973). The exhibition shows the life of the Austrian writer from childhood to her first career steps and her later life in Rome as well as her confrontation with the consequences of war.\n      <\/td>\n<\/tr>\n<tr>\n<td>13-31 May<\/td>\n<td>10:00<\/td>\n<td>Chi\u0219in\u0103u, National Library of Moldova<\/td>\n<td><strong style=\"color: #003399;\">Exhibition \u201cAustria \u2013 30 years in the EU\u201d<\/strong><br \/>\n        The exhibition presents the various stages of Austria\u2019s EU accession process, from the EU accession application in 1989 through the accession talks to the referendum in 1994.\n      <\/td>\n<\/tr>\n<tr>\n<td>8 May<\/td>\n<td>09:55<\/td>\n<td>\n    <span style=\"font-size: 0.9em; color: black;\">Chi\u0219in\u0103u, IP Gimnaziul Nr. 31, Room 27<\/span>\n  <\/td>\n<td>\n    <span style=\"color: #003399; font-weight: bold;\">Film \u201cIcarus and the Minotaur&#8221; by Carlo Vogele (2022), Luxembourg<\/span><br \/>\n    <span style=\"font-size: 0.9em; color: black;\">Genre: Animation, Family movie<\/span><br \/>\n    <span style=\"font-size: 0.9em; color: black;\">Topics: Friendship, Mythology<\/span><br \/>\n    <span style=\"font-size: 0.9em; color: black;\">Subtitles: Romanian<\/span>\n  <\/td>\n<tr>\n<td>10 May<\/td>\n<td>17:00<\/td>\n<td>\n    <span style=\"font-size: 0.9em; color: black;\">Edine\u021b, the \u201cDream Island\u201d in the \u201cVasile Alecsandri\u201d park<\/span>\n  <\/td>\n<td>\n    <span style=\"color: #003399; font-weight: bold;\">Film \u201cIcarus and the Minotaur&#8221; by Carlo Vogele (2022), Luxembourg<\/span><br \/>\n    <span style=\"font-size: 0.9em; color: black;\">Genre: Animation, Family movie<\/span><br \/>\n    <span style=\"font-size: 0.9em; color: black;\">Topics: Friendship, Mythology<\/span><br \/>\n    <span style=\"font-size: 0.9em; color: black;\">Subtitles: Romanian<\/span>\n  <\/td>\n<tr>\n<td>13 May<\/td>\n<td>12:25<\/td>\n<td>\n    <span style=\"font-size: 0.9em; color: black;\">S\u00eercova, Secondary School Sircova<\/span>\n   <\/td>\n<td>\n    <span style=\"color: #003399; font-weight: bold;\">Film \u201cIcarus and the Minotaur&#8221; by Carlo Vogele (2022), Luxembourg<\/span><br \/>\n    <span style=\"font-size: 0.9em; color: black;\">Genre: Animation, Family movie<\/span><br \/>\n    <span style=\"font-size: 0.9em; color: black;\">Topics: Friendship, Mythology<\/span><br \/>\n    <span style=\"font-size: 0.9em; color: black;\">Subtitles: Romanian<\/span>\n  <\/td>\n<tr>\n<td>13 May<\/td>\n<td>13:15<\/td>\n<td>\n    <span style=\"font-size: 0.9em; color: black;\">S\u00eercova, Secondary School Sircova<\/span>\n  <\/td>\n<td>\n    <span style=\"color: #003399; font-weight: bold;\">Film \u201cTrained to see: three women and the war&#8221; by<br \/>\nLuzia Schmid (2022), Germany<\/span><br \/>\n    <span style=\"font-size: 0.9em; color: black;\">Genre: Documentary<\/span><br \/>\n    <span style=\"font-size: 0.9em; color: black;\">Topics: World War II<\/span><br \/>\n    <span style=\"font-size: 0.9em; color: black;\">Subtitles: Romanian<\/span>\n  <\/td>\n<\/tr>\n<tr>\n<td>13 May<\/td>\n<td>14:15<\/td>\n<td>\n    <span style=\"font-size: 0.9em; color: black;\">Soroca, Theoretical High School \u201cConstantin Stere\u201d<\/span>\n  <\/td>\n<td>\n    <span style=\"color: #003399; font-weight: bold;\">Film \u201cSaben aquell\u201d by David Trueba (2023), Spain<\/span><br \/>\n    <span style=\"font-size: 0.9em; color: black;\">Genre: Comedy<\/span><br \/>\n    <span style=\"font-size: 0.9em; color: black;\">Topics: Story based on real life, Music<\/span><br \/>\n    <span style=\"font-size: 0.9em; color: black;\">Subtitles: Romanian<\/span>\n  <\/td>\n<tr>\n<td>14 May<\/td>\n<td>11:20<\/td>\n<td>\n    <span style=\"font-size: 0.9em; color: black;\">Chi\u0219in\u0103u, &#8220;Biblioteca \u0218tiin\u021bific\u0103 ASEM&#8221;, Lecture Room &#8220;Lectura Public\u0103&#8221;, F Block, office 103<\/span>\n  <\/td>\n<td>\n    <span style=\"color: #003399; font-weight: bold;\">Film \u201cThe Girl from Tomorrow\u201d by Marta Savina (2022), Italy<\/span><br \/>\n    <span style=\"font-size: 0.9em; color: black;\">Genre: Drama<\/span><br \/>\n    <span style=\"font-size: 0.9em; color: black;\">Topics: Sexism, Women\u2019s rights<\/span><br \/>\n    <span style=\"font-size: 0.9em; color: black;\">Subtitles: Romanian<\/span>\n  <\/td>\n<tr>\n<td>18 May<\/td>\n<td>20:00<\/td>\n<td>\n    <span style=\"font-size: 0.9em; color: black;\">C\u0103u\u0219eni, C\u0103u\u0219eni Hub<\/span>\n  <\/td>\n<td>\n    <span style=\"color: #003399; font-weight: bold;\">Film \u201cMai departe\u201d by Tedy Necula (2023), Rom\u00e2nia \u2013 offered by the Romanian Cultural Institute in Chi\u0219in\u0103u<\/span><br \/>\n    <span style=\"font-size: 0.9em; color: black;\">Genre: Biography, Drama<\/span><br \/>\n    <span style=\"font-size: 0.9em; color: black;\">Topics: Resilience and adaptability, Personal transformation<\/span>\n  <\/td>\n<tr>\n<td>19 May<\/td>\n<td>09:00<\/td>\n<td>Building of the Government of the Republic of Moldova located in the Great National Assembly Square 1, MD-2012, Chi\u0219in\u0103u<\/td>\n<td><strong style=\"color: #003399;\">Vienna Economic Forum (VEF)<\/strong><br \/>\n        The VEF is an internationally recognized civil society organisation with observer status in the UN ECOSOC and headquartered in Vienna. It comprises all countries of the Western Balkans, including Austria, Turkey, Moldova and Ukraine. Its main objective is to promote investments in South Eastern Europe. The Conference in Chisinau takes place under the auspices of Prime Minister Dorin Recean and will bring together entrepreneurs from the South Eastern Europe region.\n      <\/td>\n<\/tr>\n<tr>\n<td>20 May<\/td>\n<td>11:30<\/td>\n<td>\n    <span style=\"font-size: 0.9em; color: black;\">F\u0103le\u0219ti, Theoretical High School \u201cIon Creang\u0103\u201d<\/span>\n   <\/td>\n<td>\n    <span style=\"color: #003399; font-weight: bold;\">Film \u201cIcarus and the Minotaur&#8221; by Carlo Vogele (2022), Luxembourg<\/span><br \/>\n    <span style=\"font-size: 0.9em; color: black;\">Genre: Animation, Family movie<\/span><br \/>\n    <span style=\"font-size: 0.9em; color: black;\">Topics: Friendship, Mythology<\/span><br \/>\n    <span style=\"font-size: 0.9em; color: black;\">Subtitles: Romanian<\/span>\n  <\/td>\n<tr>\n<td>21 May<\/td>\n<td>11:20<\/td>\n<td>\n    <span style=\"font-size: 0.9em; color: black;\">Chi\u0219in\u0103u, Free International University of Moldova Library, &#8220;Sala de Lectur\u0103 nr. 2&#8221;, floor 6<\/span>\n  <\/td>\n<td>\n    <span style=\"color: #003399; font-weight: bold;\">Film \u201cTrained to see: three women and the war&#8221; by<br \/>\nLuzia Schmid (2022), Germany<\/span><br \/>\n    <span style=\"font-size: 0.9em; color: black;\">Genre: Documentary<\/span><br \/>\n    <span style=\"font-size: 0.9em; color: black;\">Topics: World War II<\/span><br \/>\n    <span style=\"font-size: 0.9em; color: black;\">Subtitles: Romanian<\/span>\n  <\/td>\n<\/tr>\n<tr>\n<td>21 May<\/td>\n<td>13:00<\/td>\n<td>\n    <span style=\"font-size: 0.9em; color: black;\">Chi\u0219in\u0103u, &#8220;Biblioteca \u0218tiin\u021bific\u0103 ASEM&#8221;, Lecture Room &#8220;Comunicarea Colec\u021biilor&#8221;<\/span>\n  <\/td>\n<td>\n    <span style=\"color: #003399; font-weight: bold;\">Film \u201cIcarus and the Minotaur&#8221; by Carlo Vogele (2022), Luxembourg<\/span><br \/>\n    <span style=\"font-size: 0.9em; color: black;\">Genre: Animation, Family movie<\/span><br \/>\n    <span style=\"font-size: 0.9em; color: black;\">Topics: Friendship, Mythology<\/span><br \/>\n    <span style=\"font-size: 0.9em; color: black;\">Subtitles: Romanian<\/span>\n  <\/td>\n<tr>\n<td>21 May<\/td>\n<td>13:30<\/td>\n<td>\n    <span style=\"font-size: 0.9em; color: black;\">Ialoveni, \u201cPetre \u0218tef\u0103nuc\u0103\u201d District Library<\/span>\n  <\/td>\n<td>\n    <span style=\"color: #003399; font-weight: bold;\">Film \u201cTrained to see: three women and the war&#8221; by<br \/>\nLuzia Schmid (2022), Germany<\/span><br \/>\n    <span style=\"font-size: 0.9em; color: black;\">Genre: Documentary<\/span><br \/>\n    <span style=\"font-size: 0.9em; color: black;\">Topics: World War II<\/span><br \/>\n    <span style=\"font-size: 0.9em; color: black;\">Subtitles: Romanian<\/span>\n  <\/td>\n<\/tr>\n<tr>\n<td>21 May<\/td>\n<td>14:00<\/td>\n<td>\n    <span style=\"font-size: 0.9em; color: black;\">Cahul,  \u201cBogdan Petriceicu Ha\u0219deu\u201d State University, Lecture room 227<\/span>\n  <\/td>\n<td>\n    <span style=\"color: #003399; font-weight: bold;\">Film \u201cSecretul Insulei Pin-up&#8221; by Alecs Nastoiu (2024), Rom\u00e2nia \u2013 offered by the Romanian Cultural Institute in Chi\u0219in\u0103u<\/span><br \/>\n    <span style=\"font-size: 0.9em; color: black;\">Genre: Sci-Fi, Mystery<\/span><br \/>\n    <span style=\"font-size: 0.9em; color: black;\">Topics: Time Travel, Quest<\/span>\n  <\/td>\n<tr>\n<td>22 May<\/td>\n<td>11:30<\/td>\n<td>\n    <span style=\"font-size: 0.9em; color: black;\">Chi\u0219in\u0103u, \u201cAlexei Mateevici\u201d College, 3rd floor, festive hall<\/span>\n  <\/td>\n<td>\n    <span style=\"color: #003399; font-weight: bold;\">Film \u201cMy End, Your Beginning\u201d by Mariko Minoguchi (2019), Germany \u2013 offered by the Cultural Centre \u201cAkzente\u201d<\/span><br \/>\n    <span style=\"font-size: 0.9em; color: black;\">Genre: Drama<\/span><br \/>\n    <span style=\"font-size: 0.9em; color: black;\">Topics: Destiny, Circularity of life<\/span><br \/>\n     <span style=\"font-size: 0.9em; color: black;\">Subtitles: Romanian<\/span>\n  <\/td>\n<\/tr>\n<tr>\n<td>23 May<\/td>\n<td>20:00<\/td>\n<td>\n    <span style=\"font-size: 0.9em; color: black;\">C\u0103u\u0219eni, &#8220;C\u0103u\u0219eni HUB&#8221;<\/span>\n  <\/td>\n<td>\n    <span style=\"color: #003399; font-weight: bold;\">Film \u201cWa\u0142\u0119sa. Cz\u0142owiek z nadziei\u201d by Andrzej Wajda (2013), Poland \u2013 offered by Polish Institute Bucharest<\/span><br \/>\n    <span style=\"font-size: 0.9em; color: black;\">Genre: Drama, Biography, Comedy<\/span><br \/>\n    <span style=\"font-size: 0.9em; color: black;\">Topics: History, Struggle for democracy <\/span><br \/>\n    <span style=\"font-size: 0.9em; color: black;\">Subtitles: Romanian<\/span>\n  <\/td>\n<tr>\n<td>24 May<\/td>\n<td>22:00<\/td>\n<td>\n    <span style=\"font-size: 0.9em; color: black;\">Moldova 1<\/span>\n  <\/td>\n<td>\n    <span style=\"color: #003399; font-weight: bold;\">Film \u201cWhere we live&#8221; (&#8220;\u0395\u03ba\u03b5\u03af \u03c0\u03bf\u03c5 \u03b6\u03bf\u03cd\u03bc\u03b5&#8221;) by Sotiris Goritsas (2022), offered by Embassy of Greece in Chisinau<\/span><br \/>\n    <span style=\"font-size: 0.9em; color: black;\">Genre: Drama<\/span><br \/>\n    <span style=\"font-size: 0.9em; color: black;\">Topics: Economic Hardship<\/span><br \/>\n    <span style=\"font-size: 0.9em; color: black;\">Subtitles: Romanian<\/span>\n  <\/td>\n<tr>\n<td>31 May<\/td>\n<td>15:00<\/td>\n<td>\n    <span style=\"font-size: 0.9em; color: black;\">Chi\u0219in\u0103u, \u201cOdeon\u201d Cinema<\/span>\n  <\/td>\n<td>\n    <span style=\"color: #003399; font-weight: bold;\">Film \u201cFlow\u201d by Gints Zilbalodis (2024), Latvia, France and Belgium \u2013 offered by the Embassy of Latvia in the Republic of Moldova<\/span><br \/>\n    <span style=\"font-size: 0.9em; color: black;\">Genre: Animation<\/span><br \/>\n    <span style=\"font-size: 0.9em; color: black;\">Topics: Animal Adventure, Family<\/span>\n  <\/td>\n<\/tbody>\n<\/table>\n<\/div>\n<div>\n<table cellspacing=\"0\" cellpadding=\"3\" dir=\"ltr\" border=\"1\">\n<colgroup>\n<col style=\"width: 15%;\" \/> <!-- Adjust the width of the 'Time' column --> <\/p>\n<col style=\"width: 85%;\" \/> <!-- Adjust the width of the 'Activity' column --> <\/colgroup>\n<tbody><!-- Merged row with event title --><\/p>\n<tr>\n<td colspan=\"2\" style=\"text-align: center; background-color: #003399; color: white; font-weight: bold; padding: 15px;\">EUROPEAN VILLAGE IN CHI\u0218IN\u0102U, 9 MAY 2025<br \/>Venue: Chi\u0219in\u0103u, Great National Assembly Square<\/td>\n<\/tr>\n<p><!-- Header row with EU yellow background and EU blue text --><\/p>\n<tr style=\"background-color: #fcd116; color: #003399; font-weight: bold;\">\n<td>Time<\/td>\n<td>Activity<\/td>\n<\/tr>\n<tr>\n<td>12:45<\/td>\n<td>Moderator announces the agenda of Europe Day 2025<\/td>\n<\/tr>\n<tr>\n<td>13:00<\/td>\n<td>Official opening of the European Village in Chi\u0219in\u0103u<\/td>\n<\/tr>\n<tr>\n<td>13:00 &#8211; 17:00<\/td>\n<td><strong>Interactive fair dedicated to European Village in Chi\u0219in\u0103u:<\/strong><\/p>\n<ul>\n<li><strong style=\"color: #003399;\">\u201cUnited in diversity\u201d Alley:<\/strong> EU Member States will showcase their support for the Republic of Moldova, highlighting the assistance they provide;<\/li>\n<li><strong style=\"color: #003399;\">\u201cEU for Moldova: Stronger Together\u201d Alley:<\/strong> EU-funded projects will illustrate how they directly benefit its citizens;<\/li>\n<li><strong style=\"color: #003399;\">EU Delegation pavilion<\/strong> hosting several large EU initiatives showcasing EU assistance;<\/li>\n<li><strong style=\"color: #003399;\">\u201cMoldova is Europe\u201d:<\/strong> pavilion of the Government and Parliament of the Republic of Moldova presenting interactive activities and information about the European course of the country;<\/li>\n<p><!-- New unordered list starts here --><\/p>\n<li><strong style=\"color: #003399;\">Youth Corner:<\/strong>\n<ul>\n<li>Explore Your Opportunities \u2013 Learn how to become an Erasmus+ student or get involved in national and international projects with non-governmental organizations.<\/li>\n<li>Paint the Wall \u2013 Help paint Moldova\u2019s future in the EU<\/li>\n<li>Darts Quiz \u2013 Play, learn, and win prizes in a fun and interactive quiz game<\/li>\n<li>Who is EU? \u2013 Guess European personalities, symbols, and fun facts<\/li>\n<li> (14:00 &#8211; 15:00) EuroMarket \u2013 A prize-winning competition full of surprises!<\/li>\n<li>(15:10-15:50) Gala: \u201cClean Water for All. Goodbye, Plastic!\u201d \u2013 Pupils from Lozova, Sire\u021bi, P\u0103n\u0103\u0219e\u0219ti, and Zubre\u0219ti will take the stage to present their plastic reduction initiatives as part of the EU4Moldova: Local Communities program.<\/li>\n<\/ul>\n<p> <!-- New unordered list starts here --><\/p>\n<li><strong style=\"color: #003399;\">Children\u2019s Corner<\/strong> &#8211; interactive and educational activities for children of all ages during the entire day, including:\n<ul>\n<li>Chemistry experiments<\/li>\n<li>Drawing competitions &#038; coloring area<\/li>\n<li>Puzzles, Lego, and board games<\/li>\n<li>Sports activities for plenty of energy<\/li>\n<li>Face painting \u2014 magical transformations!<\/li>\n<li>Photo area for unforgettable memories<\/li>\n<\/ul>\n<p>          <!-- Additional activities for adults and other visitors --><\/p>\n<li><strong style=\"color: #003399;\">Fair of local products<\/strong>, sold by EU-supported beneficiaries;<\/li>\n<li><strong style=\"color: #003399;\">Golden age activities:<\/strong> music, dances, workshops \u2013 all dedicated to seniors;<\/li>\n<li><strong style=\"color: #003399;\">Food corners<\/strong> showcasing EU countries cuisine.<\/li>\n<\/ul>\n<\/td>\n<\/tr>\n<tr>\n<td>17:30<\/td>\n<td><strong style=\"color: #003399;\">Duo Kitharsis from Romania<\/strong> \u2013 an unforgettable concert  offered by the Polish Embassy in Chisinau<\/td>\n<\/tr>\n<tr>\n<td>19:00 &#8211; 23:00<\/td>\n<td><span style=\"font-weight: bold; color: #003399;\">Concert dedicated to EUROPE DAY 2025 \u2013 Peace, prosperity, dignity: Europe is YOU!<\/span><br \/><span style=\"color: black;\">Performers: Vali Boghean, Marej, \u0412\u043e\u043f\u043b\u0456 \u0412\u0456\u0434\u043e\u043f\u043b\u044f\u0441\u043e\u0432\u0430, Zdob \u0219i Zdub, Lupii lui Calancea, Surorile Osoianu.<\/span><\/td>\n<\/tr>\n<\/tbody>\n<\/table>\n<\/div>\n<div>\n<table cellspacing=\"0\" cellpadding=\"3\" dir=\"ltr\" border=\"1\">\n<colgroup>\n<col style=\"width: 15%;\" \/> <!-- Adjust the width of the 'Time' column --> <\/p>\n<col style=\"width: 85%;\" \/> <!-- Adjust the width of the 'Activity' column --> <\/colgroup>\n<tbody><!-- Merged row with event title --><\/p>\n<tr>\n<td colspan=\"2\" style=\"text-align: center; background-color: #003399; color: white; font-weight: bold; padding: 15px;\">EUROPEAN VILLAGE IN C\u0102U\u0218ENI, 17 MAY 2025<br \/>Venue: C\u0103u\u0219eni, \u0218tefan cel Mare Square, 9 Alexei Mateevici street<\/td>\n<\/tr>\n<p><!-- Header row with EU yellow background and EU blue text --><\/p>\n<tr style=\"background-color: #fcd116; color: #003399; font-weight: bold;\">\n<td>Time<\/td>\n<td>Activity<\/td>\n<\/tr>\n<tr>\n<td>12:00<\/td>\n<td>Launch of the social laundry in C\u0103u\u0219eni town, funded by the European Union<\/td>\n<tr>\n<td>15:00 &#8211; 17:00<\/td>\n<td><strong>Interactive fair dedicated to European Village in C\u0103u\u0219eni:<\/strong><\/p>\n<ul>\n<li>&#8220;United in diversity\u201d Alley:  EU Member States will showcase their support for the Republic of Moldova, highlighting the assistance they provide;<\/li>\n<li>\u201cEU for Moldova: Stronger Together\u201d alley:  EU-funded projects will illustrate how they directly benefit its citizens;<\/li>\n<li>EU Delegation pavilion hosting several large EU initiatives showcasing EU assistance;<\/li>\n<li>Children\u2019s Corner;<\/li>\n<li>Fair of local products, sold by EU-supported beneficiaries;<\/li>\n<li>Golden age activities: music, dances, workshops \u2013 all dedicated to seniors;<\/li>\n<li>Food corners showcasing EU countries cuisine.<\/li>\n<li>Mural Painting \u2013 a collective artwork about Europe, created by young people for their community<\/li>\n<li>European Debates \u2013 bold ideas, real questions, and a fresh perspective on Moldova\u2019s future in the EU.<\/li>\n<\/ul>\n<\/td>\n<\/tr>\n<tr>\n<td>18:00<\/td>\n<td><span style=\"font-weight: bold; color: #003399;\">Concert dedicated to EUROPE DAY 2025 \u2013 Peace, prosperity, dignity: Europe is YOU!<\/span><br \/><span style=\"color: black;\">Performers: Pasha Parfeni, Valeria Pa\u0219a, Zdob \u0219i Zdub.<\/span><\/td>\n<\/tr>\n<\/tbody>\n<\/table>\n<\/div>\n<div>\n<table cellspacing=\"0\" cellpadding=\"3\" dir=\"ltr\" border=\"1\" style=\"border-collapse: collapse; width: 100%;\">\n<colgroup>\n<col style=\"width: 10%;\" \/>\n<col style=\"width: 10%;\" \/>\n<col style=\"width: 20%;\" \/>\n<col style=\"width: 60%;\" \/> <\/colgroup>\n<tbody><!-- Combined title row --><\/p>\n<tr>\n<td colspan=\"4\" style=\"text-align: center; background-color: #003399; color: white; font-weight: bold; padding: 6px; line-height: 1.3;\">EUROPE DAY EVENTS IN OTHER REGIONS OF THE COUNTRY, 1 MAY \u2013 1 JUNE 2025<br \/>Venue: various locations listed below<\/td>\n<\/tr>\n<p><!-- Table headers --><\/p>\n<tr style=\"background-color: #ffd700; color: #003399;\">\n<td><strong>Date<\/strong><\/td>\n<td><strong>Time<\/strong><\/td>\n<td><strong>Location<\/strong><\/td>\n<td><strong>Activity<\/strong><\/td>\n<\/tr>\n<p><!-- Event rows --><\/p>\n<tr>\n<td>6-8 May <\/td>\n<td>09:30<\/td>\n<td>Chi\u0219in\u0103u, Summit Events, Barcelona Hall <\/td>\n<td><span style=\"color: #003399; font-weight: bold;\">Civil Society Collaboration Lab<br \/>\n<\/span><br \/>Over two-and-a-half days, ten Moldovan civil society organisations will join forces to co-design initiatives and pool their expertise, advancing democratic processes and delivering innovative solutions to shared challenges across the region. The lab is part of the regional Project \u201cResilient Civil Society in the Eastern Partnership Region,\u201d implemented by People in Need with support from the European Union. Guided by an experienced facilitator, participants will exchange lessons learned, form cross-border project teams and refine concrete proposals eligible for upcoming sub-grants. Interactive formats\u2014speed-networking, \u201cworld-caf\u00e9\u201d discussions and live pitching\u2014will ensure lively peer learning and tangible outcomes that embody Europe Day\u2019s spirit of unity and\u00a0shared\u00a0values.<\/td>\n<\/tr>\n<tr>\n<td colspan=\"3\">Mid-day, open to students and academic staff of the Technical University only<\/td>\n<td><span style=\"color: #003399; font-weight: bold;\">Lecture by Mr. Alberto Carlei, Head of the EIB Representation in Moldova<\/span>, at the Technical University: \u2018Discover the EU\u2019s financial arm \u2013 a lecture on the European Investment Bank and its investment processes\u2019, open to students and academic staff of the Technical University.<\/td>\n<\/tr>\n<tr>\n<td>9 May<\/td>\n<td>09:00<\/td>\n<td>Ungheni<\/td>\n<td><span style=\"color: #003399; font-weight: bold;\">Europe Day in Ungheni<\/span><br \/>Europe Day in Ungheni will be celebrated with vibrant cultural events, community gatherings, and activities promoting European values and unity. The residents will celebrate with music, dances and exhibitions showcasing the diversity and richness of European traditions.<\/td>\n<\/tr>\n<tr>\n<td>10 May<\/td>\n<td>09:00<\/td>\n<td>Orhei<\/td>\n<td><span style=\"color: #003399; font-weight: bold;\">Europe Day in Orhei<\/span><br \/>This event is organised by a group of geography teachers under the leadership of High School \u201cOnisifor Ghibu\u201d in Orhei.<\/td>\n<\/tr>\n<tr>\n<td>16 May<\/td>\n<td>09:00<\/td>\n<td>Vocational School of Bubuieci, Chi\u0219in\u0103u Municipality, 25\/2 Livezilor St.<\/td>\n<td><span style=\"color: #003399; font-weight: bold;\">Open doors into the world of bees: \u201cWorld Bee Day &amp; Open Doors Day Event\u201d<\/span><br \/>You are warmly invited to attend an educational and celebratory event hosted by the Vocational School of Bubuieci, with the support of Casa Albinei SRL, the National Association of Beekeepers of Moldova, the Local Public Administration of Bubuieci, the Embassy of Slovenia, the Ministry of Education and Research of Moldova, and the Ministry of Agriculture and Food Industry. <\/p>\n<p>The event is dedicated to the fascinating world of bees and the professional opportunities in beekeeping, as well as other fields offered by the school: floriculture, gastronomy, and commerce. It also celebrates World Bee Day, held on May 20, 2025, commemorating the birth of Anton Jan\u0161a, a Slovenian beekeeper and pioneer of modern beekeeping.<\/p>\n<ul>\n<li>Engaging presentations on the vital role of bees in ecosystems<\/li>\n<li>Live beekeeping demonstrations<\/li>\n<li>Culinary workshops featuring bee products, flowers, pastries, and sweets<\/li>\n<li>An exhibition of honey products, artisan sweets, and local specialties<\/li>\n<li>Expert panel discussions on beekeeping, gastronomy, commerce, floriculture, and entrepreneurship<\/li>\n<\/ul>\n<\/td>\n<\/tr>\n<tr>\n<td>17 May<\/td>\n<td>10:00<\/td>\n<td>C\u0103u\u0219eni Hub<\/td>\n<td><span style=\"color: #003399; font-weight: bold;\">&#8220;EU cunosc EU&#8221; &#8211; Trivia about the European Union<\/span><br \/>The winners of the quiz will be chosen from among the four teams from the two institutions in C\u0103u\u0219eni.<\/td>\n<\/tr>\n<tr>\n<td>17 May<\/td>\n<td>11:00<\/td>\n<td>Cahul, &#8220;Nicolae Botgros&#8221; Palace of Culture<\/td>\n<td><span style=\"color: #003399; font-weight: bold;\">Family Festival in Cahul<\/span><br \/>The Family Festival in Cahul brings the community together for a joyful celebration of shared values and cultural traditions. This lively event features music and dance performances, interactive workshops, and fun activities for all ages. Families can explore creative displays, enjoy local crafts and food, and participate in discussions about Cahul&#8217;s future. Blending entertainment with community spirit, the festival creates meaningful connections between generations. It&#8217;s a perfect opportunity to experience the warmth of Cahul&#8217;s culture.<\/td>\n<\/tr>\n<tr>\n<td>18 May<\/td>\n<td>10:30<\/td>\n<td>C\u0103u\u0219eni<\/td>\n<td><span style=\"color: #003399; font-weight: bold;\">European Marathon<\/span><br \/>\nThe activity will start at 10:30, near the Central Bus Station C\u0103u\u0219eni and will gather 10 teams of 3 persons per team. The winning teams will receive prizes.<\/td>\n<\/tr>\n<tr>\n<td>27 May<\/td>\n<td>14:00<\/td>\n<td>Chi\u0219in\u0103u, Europe Caf\u00e9<\/td>\n<td><span style=\"color: #003399; font-weight: bold;\">Closing event of the Youth Minority Leaders Academy<\/span><br \/>The project is implemented with the financial support of GIZ and the EU (grant programme under the \u2018EU4Youth: Youth Engagement and Empowerment\u2019 project). The project aimed at developing leadership among 100 young people from ethnic communities in Gagauzia, Taraclia, and the Basarabeasca district. Over 6 months, young people worked with experts and attended trainings and workshops on civic activism, political literacy, human rights, minority rights, and European standards in the field of national minorities.<\/td>\n<\/tr>\n<tr>\n<td>1 June<\/td>\n<td>18:00<\/td>\n<td>Tighina Fortress in Tiraspol<\/td>\n<td><span style=\"color: #003399; font-weight: bold;\">Concert \u201cDisney Music\u201d dedicated to children at the Tighina Fortress<\/span><br \/>The concert is organised within the European Union Confidence Building Measures Programme, implemented by UNDP Moldova.<\/td>\n<\/tr>\n<\/tbody>\n<\/table>\n<\/div>\n<h1><!DOCTYPE html><br \/>\n<html lang=\"en\"><br \/>\n<head><br \/>\n  <meta charset=\"UTF-8\"><br \/>\n  <meta name=\"viewport\" content=\"width=device-width, initial-scale=1.0\"><br \/>\n  <title> Watch now<\/title><\/p>\n<style>\n    \/* Style for the preliminary agenda *\/\n    table {\n      width: 80%;\n      margin: 0 auto;\n      margin-top: 30px;\n      opacity: 0; \/* Initially hidden *\/\n      animation: fadeIn 2s forwards; \/* Apply fade-in effect *\/\n    }<\/p>\n<p>    \/* Keyframe for fade-in animation *\/\n    @keyframes fadeIn {\n      0% {\n        opacity: 0;\n      }\n      100% {\n        opacity: 1;\n      }\n    }<\/p>\n<p>    \/* Styling for the table *\/\n    td {\n      padding: 15px;\n      text-align: center;\n    }<\/p>\n<p>    \/* Merged row with event title *\/\n    td[colspan=\"2\"] {\n      background-color: #003399;\n      color: white;\n      font-weight: bold;\n    }\n  <\/style>\n<p><\/head><br \/>\n<body><\/p>\n<p>  <!-- Table for Preliminary Agenda --><\/p>\n<table cellspacing=\"0\" cellpadding=\"3\" dir=\"ltr\" border=\"1\">\n<colgroup>\n<col style=\"width: 15%;\" \/> <!-- Adjust the width of the 'Time' column --><\/p>\n<col style=\"width: 85%;\" \/> <!-- Adjust the width of the 'Activity' column --><br \/>\n    <\/colgroup>\n<tbody>\n      <!-- Merged row with event title --><\/p>\n<tr>\n<td colspan=\"2\" style=\"text-align: center; background-color: #003399; color: white; font-weight: bold; padding: 15px;\">\n          Watch now:\n        <\/td>\n<\/tr>\n<\/tbody>\n<\/table>\n<p><\/body><br \/>\n<\/html><\/h1>\n<ul>\n<li>\n<p>        <iframe src=\"https:\/\/www.youtube.com\/watch?v=XUhRStpzq2s&#038;ab_channel=EUDelegationMoldova\"><\/iframe><\/p>\n<\/li>\n<li>\n<p>        <iframe src=\"https:\/\/www.youtube.com\/watch?v=g1_bgF0kf6M&#038;ab_channel=EUDelegationMoldova\"><\/iframe><\/p>\n<\/li>\n<li>\n<p>        <iframe src=\"https:\/\/www.youtube.com\/watch?v=gLpbZnh8iwc&#038;ab_channel=EUDelegationMoldova\"><\/iframe><\/p>\n<\/li>\n<li>\n<p>        <iframe src=\"https:\/\/www.youtube.com\/watch?v=b30Z4xN4874&#038;ab_channel=EUDelegationMoldova\"><\/iframe><\/p>\n<\/li>\n<li>\n<p>        <iframe src=\"https:\/\/www.youtube.com\/watch?v=iS_zHgjLGfM&#038;ab_channel=EUDelegationMoldova\"><\/iframe><\/p>\n<\/li>\n<li>\n<p>        <iframe src=\"https:\/\/www.youtube.com\/watch?v=ZOTXWgbqVbU&#038;ab_channel=EUDelegationMoldova\"><\/iframe><\/p>\n<\/li>\n<li>\n<p>        <iframe src=\"https:\/\/www.youtube.com\/watch?v=FtM8X2Gjn_g&#038;ab_channel=EUDelegationMoldova\"><\/iframe><\/p>\n<\/li>\n<li>\n<p>        <iframe src=\"https:\/\/www.youtube.com\/watch?v=1EU0bZwstV4&#038;ab_channel=EUDelegationMoldova\"><\/iframe><\/p>\n<\/li>\n<li>\n<p>        <iframe src=\"https:\/\/www.youtube.com\/watch?v=GFoUQUbTGq4&#038;ab_channel=EUDelegationMoldova\"><\/iframe><\/p>\n<\/li>\n<li>\n<p>        <iframe src=\"https:\/\/www.youtube.com\/watch?v=XpplewC3B-c&#038;ab_channel=EUDelegationMoldova\"><\/iframe><\/p>\n<\/li>\n<li>\n<p>        <iframe src=\"https:\/\/www.youtube.com\/watch?v=boA5hqOQDlQ&#038;t=16s\"><\/iframe><\/p>\n<\/li>\n<li>\n<p>        <iframe src=\"https:\/\/www.youtube.com\/watch?v=X__9GHRd4_o&#038;ab_channel=EUDelegationMoldova\"><\/iframe><\/p>\n<\/li>\n<li>\n<p>        <iframe src=\"https:\/\/www.youtube.com\/watch?v=7MbKT0EOZls&#038;ab_channel=EUDelegationMoldova\"><\/iframe><\/p>\n<\/li>\n<li>\n<p>        <iframe src=\"https:\/\/www.youtube.com\/watch?v=w2Hnjl1y2qY&#038;ab_channel=EUDelegationMoldova\"><\/iframe><\/p>\n<\/li>\n<li>\n<p>        <iframe src=\"https:\/\/www.youtube.com\/watch?v=LTuJ4kZ5mJs&#038;ab_channel=EUDelegationMoldova\"><\/iframe><\/p>\n<\/li>\n<li>\n<p>        <iframe src=\"https:\/\/www.youtube.com\/watch?v=nTOOWEvQt78&#038;ab_channel=EUDelegationMoldova\"><\/iframe><\/p>\n<\/li>\n<li>\n<p>        <iframe src=\"https:\/\/www.youtube.com\/watch?v=CiPKHbzKbEc&#038;ab_channel=EUDelegationMoldova\"><\/iframe><\/p>\n<\/li>\n<li>\n<p>        <iframe src=\"https:\/\/www.youtube.com\/watch?v=i7dx3xCCBFI&#038;ab_channel=EUDelegationMoldova\"><\/iframe><\/p>\n<\/li>\n<li>\n<p>        <iframe src=\"https:\/\/www.youtube.com\/watch?v=BApIBDUB0zc\"><\/iframe><\/p>\n<\/li>\n<li>\n<p>        <iframe src=\"https:\/\/www.youtube.com\/watch?v=gOlpoqq4Sjo&#038;ab_channel=EUDelegationMoldova\"><\/iframe><\/p>\n<\/li>\n<li>\n<p>        <iframe src=\"https:\/\/www.youtube.com\/watch?v=iJYG2kYNWLY\"><\/iframe><\/p>\n<\/li>\n<li>\n<p>        <iframe src=\"https:\/\/www.youtube.com\/watch?v=uGg8QpLQnQI&#038;ab_channel=EUDelegationMoldova\"><\/iframe><\/p>\n<\/li>\n<li>\n<p>        <iframe src=\"https:\/\/www.youtube.com\/watch?v=8e7qPozl84g&#038;ab_channel=EUDelegationMoldova\"><\/iframe><\/p>\n<\/li>\n<li>\n<p>        <iframe src=\"https:\/\/www.youtube.com\/watch?v=2-KGfzBrMAA&#038;ab_channel=EUDelegationMoldova\"><\/iframe><\/p>\n<\/li>\n<li>\n<p>        <iframe src=\"https:\/\/www.youtube.com\/watch?v=ZJgAV8ozGtQ&#038;ab_channel=EUDelegationMoldova\"><\/iframe><\/p>\n<\/li>\n<li>\n<p>        <iframe src=\"https:\/\/www.youtube.com\/watch?v=-3K9ubQzTOU\"><\/iframe><\/p>\n<\/li>\n<li>\n<p>        <iframe src=\"https:\/\/www.youtube.com\/watch?v=FloiE0XFIhs&#038;ab_channel=EUDelegationMoldova\"><\/iframe><\/p>\n<\/li>\n<li>\n<p>        <iframe src=\"https:\/\/www.youtube.com\/watch?v=fxz4F6F_FGw&#038;ab_channel=EUDelegationMoldova\"><\/iframe><\/p>\n<\/li>\n<li>\n<p>        <iframe src=\"https:\/\/www.youtube.com\/watch?v=Y4Dbqe081qk&#038;ab_channel=EUDelegationMoldova\"><\/iframe><\/p>\n<\/li>\n<li>\n<p>        <iframe src=\"https:\/\/www.youtube.com\/watch?v=4NfTEnrZrzc&#038;ab_channel=EUDelegationMoldova\"><\/iframe><\/p>\n<\/li>\n<li>\n<p>        <iframe src=\"https:\/\/www.youtube.com\/watch?v=VU9zke8_OkA&#038;ab_channel=EUDelegationMoldova\"><\/iframe><\/p>\n<\/li>\n<\/ul>\n<p><!--more--><br \/>\n<!-- {\"type\":\"layout\",\"children\":[{\"type\":\"section\",\"props\":{\"header_transparent\":false,\"height_viewport\":90,\"image_position\":\"center-center\",\"image_size\":\"width-1-1\",\"padding\":\"none\",\"padding_remove_bottom\":true,\"padding_remove_horizontal\":true,\"padding_remove_top\":true,\"style\":\"default\",\"title_breakpoint\":\"xl\",\"title_position\":\"top-left\",\"title_rotation\":\"left\",\"vertical_align\":\"middle\",\"width\":\"\"},\"children\":[{\"type\":\"row\",\"children\":[{\"type\":\"column\",\"props\":{\"image_position\":\"center-center\",\"position_sticky_breakpoint\":\"m\"},\"children\":[{\"type\":\"image\",\"props\":{\"image\":\"wp-content\\\/uploads\\\/2025\\\/04\\\/Europe-Day_2025_Generic_En-scaled.png\",\"image_svg_color\":\"emphasis\",\"margin\":\"default\"}}]}]}]},{\"type\":\"section\",\"props\":{\"image_position\":\"center-center\",\"style\":\"default\",\"title_breakpoint\":\"xl\",\"title_position\":\"top-left\",\"title_rotation\":\"left\",\"vertical_align\":\"middle\",\"width\":\"default\"},\"children\":[{\"type\":\"row\",\"children\":[{\"type\":\"column\",\"props\":{\"image_position\":\"center-center\",\"position_sticky_breakpoint\":\"m\"},\"children\":[{\"type\":\"text\",\"props\":{\"column_breakpoint\":\"m\",\"content\":\"\n\n<table cellspacing=\\\"0\\\" cellpadding=\\\"3\\\" dir=\\\"ltr\\\" border=\\\"1\\\" style=\\\"border-collapse: collapse; width: 100%;\\\">\\n  \n\n<colgroup>\\n    \n\n<col style=\\\"width: 10%;\\\" \\\/>\\n    \n\n<col style=\\\"width: 10%;\\\" \\\/>\\n    \n\n<col style=\\\"width: 20%;\\\" \\\/>\\n    \n\n<col style=\\\"width: 60%;\\\" \\\/>\\n  <\\\/colgroup>\\n  \n\n<tbody>\\n    <!-- Combined title row -->\\n    <\/p>\n<tr>\\n      <\/p>\n<td colspan=\\\"4\\\" style=\\\"text-align: center; background-color: #003399; color: white; font-weight: bold; padding: 6px; line-height: 1.3;\\\">\\n        EUROPEAN FILM AND CULTURE FESTIVAL, 19\\u201331 MAY 2025<br \\\/>\\n        Venue: various locations listed below\\n      <\\\/td>\\n    <\\\/tr>\\n\\n    <!-- Table headers -->\\n    <\/p>\n<tr style=\\\"background-color: #FFD700; color: #003399;\\\">\\n      <\/p>\n<td><strong>Date<\\\/strong><\\\/td>\\n      <\/p>\n<td><strong>Time<\\\/strong><\\\/td>\\n      <\/p>\n<td><strong>Location<\\\/strong><\\\/td>\\n      <\/p>\n<td><strong>Event<\\\/strong><\\\/td>\\n    <\\\/tr>\\n\\n    <!-- Event rows -->\\n    <\/p>\n<tr>\\n      <\/p>\n<td>14-31 May<\\\/td>\\n      <\/p>\n<td>10:00<\\\/td>\\n      <\/p>\n<td>Chi\\u0219in\\u0103u, Moldova State University, Faculty of Letters<\\\/td>\\n      <\/p>\n<td><strong style=\\\"color: #003399;\\\">Exhibition \\u201cIngeborg Bachmann \\u2013 Writing against the War\\u201d<\\\/strong><br \\\/>\\n        This exhibition is dedicated to life and work of Austrian author Ingeborg Bachmann (1926\\u20131973). The exhibition shows the life of the Austrian writer from childhood to her first career steps and her later life in Rome as well as her confrontation with the consequences of war.\\n      <\\\/td>\\n    <\\\/tr>\\n    <\/p>\n<tr>\\n      <\/p>\n<td>13-31 May<\\\/td>\\n      <\/p>\n<td>10:00<\\\/td>\\n      <\/p>\n<td>Chi\\u0219in\\u0103u, National Library of Moldova<\\\/td>\\n      <\/p>\n<td><strong style=\\\"color: #003399;\\\">Exhibition \\u201cAustria \\u2013 30 years in the EU\\u201d<\\\/strong><br \\\/>\\n        The exhibition presents the various stages of Austria\\u2019s EU accession process, from the EU accession application in 1989 through the accession talks to the referendum in 1994.\\n      <\\\/td>\\n    <\\\/tr>\\n      <\/p>\n<tr>\\n  <\/p>\n<td>8 May<\\\/td>\\n  <\/p>\n<td>09:55<\\\/td>\\n  <\/p>\n<td>\\n    <span style=\\\"font-size: 0.9em; color: black;\\\">Chi\\u0219in\\u0103u, IP Gimnaziul Nr. 31, Room 27<\\\/span><br \/>\\n  <\\\/td>\\n <\/p>\n<td>\\n    <span style=\\\"color: #003399; font-weight: bold;\\\">Film \\u201cIcarus and the Minotaur\\&#8221; by Carlo Vogele (2022), Luxembourg<\\\/span><br \/>\\n    <span style=\\\"font-size: 0.9em; color: black;\\\">Genre: Animation, Family movie<\\\/span><br \/>\\n    <span style=\\\"font-size: 0.9em; color: black;\\\">Topics: Friendship, Mythology<\\\/span><br \/>\\n    <span style=\\\"font-size: 0.9em; color: black;\\\">Subtitles: Romanian<\\\/span>\\n  <\\\/td>\\n     <\/p>\n<tr>\\n  <\/p>\n<td>10 May<\\\/td>\\n  <\/p>\n<td>17:00<\\\/td>\\n  <\/p>\n<td>\\n    <span style=\\\"font-size: 0.9em; color: black;\\\">Edine\\u021b, the \\u201cDream Island\\u201d in the \\u201cVasile Alecsandri\\u201d park<\\\/span><br \/>\\n  <\\\/td>\\n <\/p>\n<td>\\n    <span style=\\\"color: #003399; font-weight: bold;\\\">Film \\u201cIcarus and the Minotaur\\&#8221; by Carlo Vogele (2022), Luxembourg<\\\/span><br \/>\\n    <span style=\\\"font-size: 0.9em; color: black;\\\">Genre: Animation, Family movie<\\\/span><br \/>\\n    <span style=\\\"font-size: 0.9em; color: black;\\\">Topics: Friendship, Mythology<\\\/span><br \/>\\n    <span style=\\\"font-size: 0.9em; color: black;\\\">Subtitles: Romanian<\\\/span>\\n  <\\\/td>\\n         <\/p>\n<tr>\\n  <\/p>\n<td>13 May<\\\/td>\\n  <\/p>\n<td>12:25<\\\/td>\\n  <\/p>\n<td>\\n    <span style=\\\"font-size: 0.9em; color: black;\\\">S\\u00eercova, Secondary School Sircova<\\\/span><br \/>\\n   <\\\/td>\\n <\/p>\n<td>\\n    <span style=\\\"color: #003399; font-weight: bold;\\\">Film \\u201cIcarus and the Minotaur\\&#8221; by Carlo Vogele (2022), Luxembourg<\\\/span><br \/>\\n    <span style=\\\"font-size: 0.9em; color: black;\\\">Genre: Animation, Family movie<\\\/span><br \/>\\n    <span style=\\\"font-size: 0.9em; color: black;\\\">Topics: Friendship, Mythology<\\\/span><br \/>\\n    <span style=\\\"font-size: 0.9em; color: black;\\\">Subtitles: Romanian<\\\/span>\\n  <\\\/td>\\n             <\/p>\n<tr>\\n  <\/p>\n<td>13 May<\\\/td>\\n  <\/p>\n<td>13:15<\\\/td>\\n  <\/p>\n<td>\\n    <span style=\\\"font-size: 0.9em; color: black;\\\">S\\u00eercova, Secondary School Sircova<\\\/span><br \/>\\n  <\\\/td>\\n <\/p>\n<td>\\n    <span style=\\\"color: #003399; font-weight: bold;\\\">Film \\u201cTrained to see: three women and the war\\&#8221; by \\nLuzia Schmid (2022), Germany<\\\/span><br \/>\\n    <span style=\\\"font-size: 0.9em; color: black;\\\">Genre: Documentary<\\\/span><br \/>\\n    <span style=\\\"font-size: 0.9em; color: black;\\\">Topics: World War II<\\\/span><br \/>\\n    <span style=\\\"font-size: 0.9em; color: black;\\\">Subtitles: Romanian<\\\/span>\\n  <\\\/td>\\n<\\\/tr>\\n  <\/p>\n<tr>\\n  <\/p>\n<td>13 May<\\\/td>\\n  <\/p>\n<td>14:15<\\\/td>\\n  <\/p>\n<td>\\n    <span style=\\\"font-size: 0.9em; color: black;\\\">Soroca, Theoretical High School \\u201cConstantin Stere\\u201d<\\\/span><br \/>\\n  <\\\/td>\\n <\/p>\n<td>\\n    <span style=\\\"color: #003399; font-weight: bold;\\\">Film \\u201cSaben aquell\\u201d by David Trueba (2023), Spain<\\\/span><br \/>\\n    <span style=\\\"font-size: 0.9em; color: black;\\\">Genre: Comedy<\\\/span><br \/>\\n    <span style=\\\"font-size: 0.9em; color: black;\\\">Topics: Story based on real life, Music<\\\/span><br \/>\\n    <span style=\\\"font-size: 0.9em; color: black;\\\">Subtitles: Romanian<\\\/span>\\n  <\\\/td>\\n      <\/p>\n<tr>\\n  <\/p>\n<td>14 May<\\\/td>\\n  <\/p>\n<td>11:20<\\\/td>\\n  <\/p>\n<td>\\n    <span style=\\\"font-size: 0.9em; color: black;\\\">Chi\\u0219in\\u0103u, \\&#8221;Biblioteca \\u0218tiin\\u021bific\\u0103 ASEM\\&#8221;, Lecture Room \\&#8221;Lectura Public\\u0103\\&#8221;, F Block, office 103<\\\/span><br \/>\\n  <\\\/td>\\n <\/p>\n<td>\\n    <span style=\\\"color: #003399; font-weight: bold;\\\">Film \\u201cThe Girl from Tomorrow\\u201d by Marta Savina (2022), Italy<\\\/span><br \/>\\n    <span style=\\\"font-size: 0.9em; color: black;\\\">Genre: Drama<\\\/span><br \/>\\n    <span style=\\\"font-size: 0.9em; color: black;\\\">Topics: Sexism, Women\\u2019s rights<\\\/span><br \/>\\n    <span style=\\\"font-size: 0.9em; color: black;\\\">Subtitles: Romanian<\\\/span>\\n  <\\\/td>\\n     <\/p>\n<tr>\\n  <\/p>\n<td>18 May<\\\/td>\\n  <\/p>\n<td>20:00<\\\/td>\\n  <\/p>\n<td>\\n    <span style=\\\"font-size: 0.9em; color: black;\\\">C\\u0103u\\u0219eni, C\\u0103u\\u0219eni Hub<\\\/span><br \/>\\n  <\\\/td>\\n <\/p>\n<td>\\n    <span style=\\\"color: #003399; font-weight: bold;\\\">Film \\u201cMai departe\\u201d by Tedy Necula (2023), Rom\\u00e2nia \\u2013 offered by the Romanian Cultural Institute in Chi\\u0219in\\u0103u<\\\/span><br \/>\\n    <span style=\\\"font-size: 0.9em; color: black;\\\">Genre: Biography, Drama<\\\/span><br \/>\\n    <span style=\\\"font-size: 0.9em; color: black;\\\">Topics: Resilience and adaptability, Personal transformation<\\\/span><br \/>\\n  <\\\/td>\\n    <\/p>\n<tr>\\n      <\/p>\n<td>19 May<\\\/td>\\n      <\/p>\n<td>09:00<\\\/td>\\n      <\/p>\n<td>Building of the Government of the Republic of Moldova located in the Great National Assembly Square 1, MD-2012, Chi\\u0219in\\u0103u<\\\/td>\\n      <\/p>\n<td><strong style=\\\"color: #003399;\\\">Vienna Economic Forum (VEF)<\\\/strong><br \\\/>\\n        The VEF is an internationally recognized civil society organisation with observer status in the UN ECOSOC and headquartered in Vienna. It comprises all countries of the Western Balkans, including Austria, Turkey, Moldova and Ukraine. Its main objective is to promote investments in South Eastern Europe. The Conference in Chisinau takes place under the auspices of Prime Minister Dorin Recean and will bring together entrepreneurs from the South Eastern Europe region.\\n      <\\\/td>\\n    <\\\/tr>\\n      <\/p>\n<tr>\\n  <\/p>\n<td>20 May<\\\/td>\\n  <\/p>\n<td>11:30<\\\/td>\\n  <\/p>\n<td>\\n    <span style=\\\"font-size: 0.9em; color: black;\\\">F\\u0103le\\u0219ti, Theoretical High School \\u201cIon Creang\\u0103\\u201d<\\\/span><br \/>\\n   <\\\/td>\\n <\/p>\n<td>\\n    <span style=\\\"color: #003399; font-weight: bold;\\\">Film \\u201cIcarus and the Minotaur\\&#8221; by Carlo Vogele (2022), Luxembourg<\\\/span><br \/>\\n    <span style=\\\"font-size: 0.9em; color: black;\\\">Genre: Animation, Family movie<\\\/span><br \/>\\n    <span style=\\\"font-size: 0.9em; color: black;\\\">Topics: Friendship, Mythology<\\\/span><br \/>\\n    <span style=\\\"font-size: 0.9em; color: black;\\\">Subtitles: Romanian<\\\/span>\\n  <\\\/td>\\n<\/p>\n<tr>\\n  <\/p>\n<td>21 May<\\\/td>\\n  <\/p>\n<td>11:20<\\\/td>\\n  <\/p>\n<td>\\n    <span style=\\\"font-size: 0.9em; color: black;\\\">Chi\\u0219in\\u0103u, Free International University of Moldova Library, \\&#8221;Sala de Lectur\\u0103 nr. 2\\&#8221;, floor 6<\\\/span><br \/>\\n  <\\\/td>\\n <\/p>\n<td>\\n    <span style=\\\"color: #003399; font-weight: bold;\\\">Film \\u201cTrained to see: three women and the war\\&#8221; by \\nLuzia Schmid (2022), Germany<\\\/span><br \/>\\n    <span style=\\\"font-size: 0.9em; color: black;\\\">Genre: Documentary<\\\/span><br \/>\\n    <span style=\\\"font-size: 0.9em; color: black;\\\">Topics: World War II<\\\/span><br \/>\\n    <span style=\\\"font-size: 0.9em; color: black;\\\">Subtitles: Romanian<\\\/span>\\n  <\\\/td>\\n<\\\/tr>\\n<\/p>\n<tr>\\n  <\/p>\n<td>21 May<\\\/td>\\n  <\/p>\n<td>13:00<\\\/td>\\n  <\/p>\n<td>\\n    <span style=\\\"font-size: 0.9em; color: black;\\\">Chi\\u0219in\\u0103u, \\&#8221;Biblioteca \\u0218tiin\\u021bific\\u0103 ASEM\\&#8221;, Lecture Room \\&#8221;Comunicarea Colec\\u021biilor\\&#8221;<\\\/span><br \/>\\n  <\\\/td>\\n <\/p>\n<td>\\n    <span style=\\\"color: #003399; font-weight: bold;\\\">Film \\u201cIcarus and the Minotaur\\&#8221; by Carlo Vogele (2022), Luxembourg<\\\/span><br \/>\\n    <span style=\\\"font-size: 0.9em; color: black;\\\">Genre: Animation, Family movie<\\\/span><br \/>\\n    <span style=\\\"font-size: 0.9em; color: black;\\\">Topics: Friendship, Mythology<\\\/span><br \/>\\n    <span style=\\\"font-size: 0.9em; color: black;\\\">Subtitles: Romanian<\\\/span>\\n  <\\\/td>\\n    <\/p>\n<tr>\\n  <\/p>\n<td>21 May<\\\/td>\\n  <\/p>\n<td>13:30<\\\/td>\\n  <\/p>\n<td>\\n    <span style=\\\"font-size: 0.9em; color: black;\\\">Ialoveni, \\u201cPetre \\u0218tef\\u0103nuc\\u0103\\u201d District Library<\\\/span><br \/>\\n  <\\\/td>\\n <\/p>\n<td>\\n    <span style=\\\"color: #003399; font-weight: bold;\\\">Film \\u201cTrained to see: three women and the war\\&#8221; by \\nLuzia Schmid (2022), Germany<\\\/span><br \/>\\n    <span style=\\\"font-size: 0.9em; color: black;\\\">Genre: Documentary<\\\/span><br \/>\\n    <span style=\\\"font-size: 0.9em; color: black;\\\">Topics: World War II<\\\/span><br \/>\\n    <span style=\\\"font-size: 0.9em; color: black;\\\">Subtitles: Romanian<\\\/span>\\n  <\\\/td>\\n<\\\/tr>\\n    <\/p>\n<tr>\\n  <\/p>\n<td>21 May<\\\/td>\\n  <\/p>\n<td>14:00<\\\/td>\\n  <\/p>\n<td>\\n    <span style=\\\"font-size: 0.9em; color: black;\\\">Cahul,  \\u201cBogdan Petriceicu Ha\\u0219deu\\u201d State University, Lecture room 227<\\\/span><br \/>\\n  <\\\/td>\\n <\/p>\n<td>\\n    <span style=\\\"color: #003399; font-weight: bold;\\\">Film \\u201cSecretul Insulei Pin-up\\&#8221; by Alecs Nastoiu (2024), Rom\\u00e2nia \\u2013 offered by the Romanian Cultural Institute in Chi\\u0219in\\u0103u<\\\/span><br \/>\\n    <span style=\\\"font-size: 0.9em; color: black;\\\">Genre: Sci-Fi, Mystery<\\\/span><br \/>\\n    <span style=\\\"font-size: 0.9em; color: black;\\\">Topics: Time Travel, Quest<\\\/span><br \/>\\n  <\\\/td>\\n <\/p>\n<tr>\\n  <\/p>\n<td>22 May<\\\/td>\\n  <\/p>\n<td>11:30<\\\/td>\\n  <\/p>\n<td>\\n    <span style=\\\"font-size: 0.9em; color: black;\\\">Chi\\u0219in\\u0103u, \\u201cAlexei Mateevici\\u201d College, 3rd floor, festive hall<\\\/span><br \/>\\n  <\\\/td>\\n <\/p>\n<td>\\n    <span style=\\\"color: #003399; font-weight: bold;\\\">Film \\u201cMy End, Your Beginning\\u201d by Mariko Minoguchi (2019), Germany \\u2013 offered by the Cultural Centre \\u201cAkzente\\u201d<\\\/span><br \/>\\n    <span style=\\\"font-size: 0.9em; color: black;\\\">Genre: Drama<\\\/span><br \/>\\n    <span style=\\\"font-size: 0.9em; color: black;\\\">Topics: Destiny, Circularity of life<\\\/span><br \/>\\n     <span style=\\\"font-size: 0.9em; color: black;\\\">Subtitles: Romanian<\\\/span>\\n  <\\\/td>\\n      <\\\/tr>\\n           <\/p>\n<tr>\\n  <\/p>\n<td>23 May<\\\/td>\\n  <\/p>\n<td>20:00<\\\/td>\\n  <\/p>\n<td>\\n    <span style=\\\"font-size: 0.9em; color: black;\\\">C\\u0103u\\u0219eni, \\&#8221;C\\u0103u\\u0219eni HUB\\&#8221;<\\\/span><br \/>\\n  <\\\/td>\\n <\/p>\n<td>\\n    <span style=\\\"color: #003399; font-weight: bold;\\\">Film \\u201cWa\\u0142\\u0119sa. Cz\\u0142owiek z nadziei\\u201d by Andrzej Wajda (2013), Poland \\u2013 offered by Polish Institute Bucharest<\\\/span><br \/>\\n    <span style=\\\"font-size: 0.9em; color: black;\\\">Genre: Drama, Biography, Comedy<\\\/span><br \/>\\n    <span style=\\\"font-size: 0.9em; color: black;\\\">Topics: History, Struggle for democracy <\\\/span><br \/>\\n    <span style=\\\"font-size: 0.9em; color: black;\\\">Subtitles: Romanian<\\\/span>\\n  <\\\/td>\\n <\/p>\n<tr>\\n  <\/p>\n<td>24 May<\\\/td>\\n  <\/p>\n<td>22:00<\\\/td>\\n  <\/p>\n<td>\\n    <span style=\\\"font-size: 0.9em; color: black;\\\">Moldova 1<\\\/span><br \/>\\n  <\\\/td>\\n <\/p>\n<td>\\n    <span style=\\\"color: #003399; font-weight: bold;\\\">Film \\u201cWhere we live\\&#8221; (\\&#8221;\\u0395\\u03ba\\u03b5\\u03af \\u03c0\\u03bf\\u03c5 \\u03b6\\u03bf\\u03cd\\u03bc\\u03b5\\&#8221;) by Sotiris Goritsas (2022), offered by Embassy of Greece in Chisinau<\\\/span><br \/>\\n    <span style=\\\"font-size: 0.9em; color: black;\\\">Genre: Drama<\\\/span><br \/>\\n    <span style=\\\"font-size: 0.9em; color: black;\\\">Topics: Economic Hardship<\\\/span><br \/>\\n    <span style=\\\"font-size: 0.9em; color: black;\\\">Subtitles: Romanian<\\\/span>\\n  <\\\/td>\\n       <\/p>\n<tr>\\n  <\/p>\n<td>31 May<\\\/td>\\n  <\/p>\n<td>15:00<\\\/td>\\n  <\/p>\n<td>\\n    <span style=\\\"font-size: 0.9em; color: black;\\\">Chi\\u0219in\\u0103u, \\u201cOdeon\\u201d Cinema<\\\/span><br \/>\\n  <\\\/td>\\n <\/p>\n<td>\\n    <span style=\\\"color: #003399; font-weight: bold;\\\">Film \\u201cFlow\\u201d by Gints Zilbalodis (2024), Latvia, France and Belgium \\u2013 offered by the Embassy of Latvia in the Republic of Moldova<\\\/span><br \/>\\n    <span style=\\\"font-size: 0.9em; color: black;\\\">Genre: Animation<\\\/span><br \/>\\n    <span style=\\\"font-size: 0.9em; color: black;\\\">Topics: Animal Adventure, Family<\\\/span><br \/>\\n  <\\\/td>\\n  <\\\/tbody>\\n<\\\/table>&#8220;,&#8221;css&#8221;:&#8221;\\\/* Base table settings *\\\/\\ntable {\\n  width: 100%;\\n  border-collapse: collapse;\\n  table-layout: fixed;\\n}\\n\\n\\\/* Header row: EU yellow background, blue text *\\\/\\ntable tr:first-child {\\n  background-color: #FFCC00; \\\/* EU Yellow *\\\/\\n  color: #003399;            \\\/* EU Blue text *\\\/\\n  font-weight: bold;\\n}\\n\\n\\\/* Borders + padding *\\\/\\ntable td,\\ntable th {\\n  border: 1px solid #003399; \\\/* EU Blue borders *\\\/\\n  padding: 12px;\\n  text-align: left;\\n}\\n\\n\\\/* Even rows (excluding header): light EU blue *\\\/\\ntable tr:nth-child(even):not(:first-child) {\\n  background-color: #cdd8f6; \\\/* Light pastel EU blue *\\\/\\n}\\n\\n\\\/* Odd rows (excluding header): medium EU blue *\\\/\\ntable tr:nth-child(odd):not(:first-child) {\\n  background-color: #99b3e6; \\\/* Medium EU blue *\\\/\\n}\\n\\\/* Set first column width *\\\/\\ntable td:first-child,\\ntable th:first-child {\\n  width: 10%; \\\/* Adjust this value as needed *\\\/\\n  word-wrap: break-word;\\n}&#8221;,&#8221;margin&#8221;:&#8221;default&#8221;}},{&#8220;type&#8221;:&#8221;text&#8221;,&#8221;props&#8221;:{&#8220;column_breakpoint&#8221;:&#8221;m&#8221;,&#8221;content&#8221;:&#8221;<\/p>\n<table cellspacing=\\\"0\\\" cellpadding=\\\"3\\\" dir=\\\"ltr\\\" border=\\\"1\\\">\n<colgroup>\n<col style=\\\"width: 15%;\\\" \\\/> <!-- Adjust the width of the 'Time' column --> <\/p>\n<col style=\\\"width: 85%;\\\" \\\/> <!-- Adjust the width of the 'Activity' column --> <\\\/colgroup>\\n<\/p>\n<tbody><!-- Merged row with event title -->\\n<\/p>\n<tr>\\n<\/p>\n<td colspan=\\\"2\\\" style=\\\"text-align: center; background-color: #003399; color: white; font-weight: bold; padding: 15px;\\\">EUROPEAN VILLAGE IN CHI\\u0218IN\\u0102U, 9 MAY 2025<br \\\/>Venue: Chi\\u0219in\\u0103u, Great National Assembly Square<\\\/td>\\n<\\\/tr>\\n<!-- Header row with EU yellow background and EU blue text -->\\n<\/p>\n<tr style=\\\"background-color: #fcd116; color: #003399; font-weight: bold;\\\">\\n<\/p>\n<td>Time<\\\/td>\\n<\/p>\n<td>Activity<\\\/td>\\n<\\\/tr>\\n<\/p>\n<tr>\\n<\/p>\n<td>12:45<\\\/td>\\n<\/p>\n<td>Moderator announces the agenda of Europe Day 2025<\\\/td>\\n<\\\/tr>\\n<\/p>\n<tr>\\n<\/p>\n<td>13:00<\\\/td>\\n<\/p>\n<td>Official opening of the European Village in Chi\\u0219in\\u0103u<\\\/td>\\n<\\\/tr>\\n<\/p>\n<tr>\\n<\/p>\n<td>13:00 &#8211; 17:00<\\\/td>\\n<\/p>\n<td><strong>Interactive fair dedicated to European Village in Chi\\u0219in\\u0103u:<\\\/strong>\\n<\/p>\n<ul>\\n<\/p>\n<li><strong style=\\\"color: #003399;\\\">\\u201cUnited in diversity\\u201d Alley:<\\\/strong> EU Member States will showcase their support for the Republic of Moldova, highlighting the assistance they provide;<\\\/li>\\n\n<li><strong style=\\\"color: #003399;\\\">\\u201cEU for Moldova: Stronger Together\\u201d Alley:<\\\/strong> EU-funded projects will illustrate how they directly benefit its citizens;<\\\/li>\\n\n<li><strong style=\\\"color: #003399;\\\">EU Delegation pavilion<\\\/strong> hosting several large EU initiatives showcasing EU assistance;<\\\/li>\\n\n<li><strong style=\\\"color: #003399;\\\">\\u201cMoldova is Europe\\u201d:<\\\/strong> pavilion of the Government and Parliament of the Republic of Moldova presenting interactive activities and information about the European course of the country;<\\\/li>\\n<!-- New unordered list starts here -->\\n\n<li><strong style=\\\"color: #003399;\\\">Youth Corner:<\\\/strong>\n<ul>\\n     <\/p>\n<li>Explore Your Opportunities \\u2013 Learn how to become an Erasmus+ student or get involved in national and international projects with non-governmental organizations.<\\\/li>\\n\n<li>Paint the Wall \\u2013 Help paint Moldova\\u2019s future in the EU<\\\/li>\\n\n<li>Darts Quiz \\u2013 Play, learn, and win prizes in a fun and interactive quiz game<\\\/li>\\n\n<li>Who is EU? \\u2013 Guess European personalities, symbols, and fun facts<\\\/li>\\n\n<li> (14:00 &#8211; 15:00) EuroMarket \\u2013 A prize-winning competition full of surprises!<\\\/li>\\n\n<li>(15:10-15:50) Gala: \\u201cClean Water for All. Goodbye, Plastic!\\u201d \\u2013 Pupils from Lozova, Sire\\u021bi, P\\u0103n\\u0103\\u0219e\\u0219ti, and Zubre\\u0219ti will take the stage to present their plastic reduction initiatives as part of the EU4Moldova: Local Communities program.<\\\/li>\\n            <\\\/ul>\\n <!-- New unordered list starts here -->\\n\n<li><strong style=\\\"color: #003399;\\\">Children\\u2019s Corner<\\\/strong> &#8211; interactive and educational activities for children of all ages during the entire day, including: \\n\n<ul>\\n              <\/p>\n<li>Chemistry experiments<\\\/li>\\n\n<li>Drawing competitions &#038; coloring area<\\\/li>\\n\n<li>Puzzles, Lego, and board games<\\\/li>\\n\n<li>Sports activities for plenty of energy<\\\/li>\\n\n<li>Face painting \\u2014 magical transformations!<\\\/li>\\n\n<li>Photo area for unforgettable memories<\\\/li>\\n            <\\\/ul>\\n          <!-- Additional activities for adults and other visitors -->\\n\n<li><strong style=\\\"color: #003399;\\\">Fair of local products<\\\/strong>, sold by EU-supported beneficiaries;<\\\/li>\\n\n<li><strong style=\\\"color: #003399;\\\">Golden age activities:<\\\/strong> music, dances, workshops \\u2013 all dedicated to seniors;<\\\/li>\\n\n<li><strong style=\\\"color: #003399;\\\">Food corners<\\\/strong> showcasing EU countries cuisine.<\\\/li>\\n        <\\\/ul>\\n      <\\\/td>\\n    <\\\/tr>\\n<br \/>\n<tr>\\n<\/p>\n<td>17:30<\\\/td>\\n<\/p>\n<td><strong style=\\\"color: #003399;\\\">Duo Kitharsis from Romania<\\\/strong> \\u2013 an unforgettable concert  offered by the Polish Embassy in Chisinau<\\\/td>\\n<\\\/tr>\\n    <\/p>\n<tr>\\n<\/p>\n<td>19:00 &#8211; 23:00<\\\/td>\\n<\/p>\n<td><span style=\\\"font-weight: bold; color: #003399;\\\">Concert dedicated to EUROPE DAY 2025 \\u2013 Peace, prosperity, dignity: Europe is YOU!<\\\/span><br \\\/><span style=\\\"color: black;\\\">Performers: Vali Boghean, Marej, \\u0412\\u043e\\u043f\\u043b\\u0456 \\u0412\\u0456\\u0434\\u043e\\u043f\\u043b\\u044f\\u0441\\u043e\\u0432\\u0430, Zdob \\u0219i Zdub, Lupii lui Calancea, Surorile Osoianu.<\\\/span><\\\/td>\\n<\\\/tr>\\n<\\\/tbody>\\n<\\\/table>&#8220;,&#8221;css&#8221;:&#8221;\\\/* Base table settings *\\\/\\ntable {\\n  width: 100%;\\n  border-collapse: collapse;\\n  table-layout: fixed;\\n}\\n\\n\\\/* Header row: EU yellow background, blue text *\\\/\\ntable tr:first-child {\\n  background-color: #FFCC00; \\\/* EU Yellow *\\\/\\n  color: #003399;            \\\/* EU Blue text *\\\/\\n  font-weight: bold;\\n}\\n\\n\\\/* Borders + padding *\\\/\\ntable td,\\ntable th {\\n  border: 1px solid #003399; \\\/* EU Blue borders *\\\/\\n  padding: 12px;\\n  text-align: left;\\n}\\n\\n\\\/* Even rows (excluding header): light EU blue *\\\/\\ntable tr:nth-child(even):not(:first-child) {\\n  background-color: #cdd8f6; \\\/* Light pastel EU blue *\\\/\\n}\\n\\n\\\/* Odd rows (excluding header): medium EU blue *\\\/\\ntable tr:nth-child(odd):not(:first-child) {\\n  background-color: #99b3e6; \\\/* Medium EU blue *\\\/\\n}\\n\\\/* Set first column width *\\\/\\ntable td:first-child,\\ntable th:first-child {\\n  width: 10%; \\\/* Adjust this value as needed *\\\/\\n  word-wrap: break-word;\\n}&#8221;,&#8221;margin&#8221;:&#8221;default&#8221;}}]}]}]},{&#8220;type&#8221;:&#8221;section&#8221;,&#8221;props&#8221;:{&#8220;image_position&#8221;:&#8221;center-center&#8221;,&#8221;style&#8221;:&#8221;default&#8221;,&#8221;title_breakpoint&#8221;:&#8221;xl&#8221;,&#8221;title_position&#8221;:&#8221;top-left&#8221;,&#8221;title_rotation&#8221;:&#8221;left&#8221;,&#8221;vertical_align&#8221;:&#8221;middle&#8221;,&#8221;width&#8221;:&#8221;default&#8221;},&#8221;children&#8221;:[{&#8220;type&#8221;:&#8221;row&#8221;,&#8221;children&#8221;:[{&#8220;type&#8221;:&#8221;column&#8221;,&#8221;props&#8221;:{&#8220;image_position&#8221;:&#8221;center-center&#8221;,&#8221;position_sticky_breakpoint&#8221;:&#8221;m&#8221;},&#8221;children&#8221;:[{&#8220;type&#8221;:&#8221;text&#8221;,&#8221;props&#8221;:{&#8220;column_breakpoint&#8221;:&#8221;m&#8221;,&#8221;content&#8221;:&#8221;<\/p>\n<table cellspacing=\\\"0\\\" cellpadding=\\\"3\\\" dir=\\\"ltr\\\" border=\\\"1\\\">\n<colgroup>\n<col style=\\\"width: 15%;\\\" \\\/> <!-- Adjust the width of the 'Time' column --> <\/p>\n<col style=\\\"width: 85%;\\\" \\\/> <!-- Adjust the width of the 'Activity' column --> <\\\/colgroup>\\n<\/p>\n<tbody><!-- Merged row with event title -->\\n<\/p>\n<tr>\\n<\/p>\n<td colspan=\\\"2\\\" style=\\\"text-align: center; background-color: #003399; color: white; font-weight: bold; padding: 15px;\\\">EUROPEAN VILLAGE IN C\\u0102U\\u0218ENI, 17 MAY 2025<br \\\/>Venue: C\\u0103u\\u0219eni, \\u0218tefan cel Mare Square, 9 Alexei Mateevici street<\\\/td>\\n<\\\/tr>\\n<!-- Header row with EU yellow background and EU blue text -->\\n<\/p>\n<tr style=\\\"background-color: #fcd116; color: #003399; font-weight: bold;\\\">\\n<\/p>\n<td>Time<\\\/td>\\n<\/p>\n<td>Activity<\\\/td>\\n<\\\/tr>\\n<\/p>\n<tr>\\n<\/p>\n<td>12:00<\\\/td>\\n<\/p>\n<td>Launch of the social laundry in C\\u0103u\\u0219eni town, funded by the European Union<\\\/td>\\n<\/p>\n<tr>\\n<\/p>\n<td>15:00 &#8211; 17:00<\\\/td>\\n<\/p>\n<td><strong>Interactive fair dedicated to European Village in C\\u0103u\\u0219eni:<\\\/strong>\\n<\/p>\n<ul>\\n<\/p>\n<li>\\&#8221;United in diversity\\u201d Alley:  EU Member States will showcase their support for the Republic of Moldova, highlighting the assistance they provide;<\\\/li>\\n\n<li>\\u201cEU for Moldova: Stronger Together\\u201d alley:  EU-funded projects will illustrate how they directly benefit its citizens;<\\\/li>\\n\n<li>EU Delegation pavilion hosting several large EU initiatives showcasing EU assistance;<\\\/li>\\n\n<li>Children\\u2019s Corner;<\\\/li>\\n\n<li>Fair of local products, sold by EU-supported beneficiaries;<\\\/li>\\n\n<li>Golden age activities: music, dances, workshops \\u2013 all dedicated to seniors;<\\\/li>\\n\n<li>Food corners showcasing EU countries cuisine.<\\\/li>\\n\n<li>Mural Painting \\u2013 a collective artwork about Europe, created by young people for their community<\\\/li>\\n\n<li>European Debates \\u2013 bold ideas, real questions, and a fresh perspective on Moldova\\u2019s future in the EU.<\\\/li>\\n<\\\/ul>\\n<\\\/td>\\n<\\\/tr>\\n<br \/>\n<tr>\\n<\/p>\n<td>18:00<\\\/td>\\n<\/p>\n<td><span style=\\\"font-weight: bold; color: #003399;\\\">Concert dedicated to EUROPE DAY 2025 \\u2013 Peace, prosperity, dignity: Europe is YOU!<\\\/span><br \\\/><span style=\\\"color: black;\\\">Performers: Pasha Parfeni, Valeria Pa\\u0219a, Zdob \\u0219i Zdub.<\\\/span><\\\/td>\\n<\\\/tr>\\n<\\\/tbody>\\n<\\\/table>&#8220;,&#8221;css&#8221;:&#8221;\\\/* Base table settings *\\\/\\ntable {\\n  width: 100%;\\n  border-collapse: collapse;\\n  table-layout: fixed;\\n}\\n\\n\\\/* Header row: EU yellow background, blue text *\\\/\\ntable tr:first-child {\\n  background-color: #FFCC00; \\\/* EU Yellow *\\\/\\n  color: #003399;            \\\/* EU Blue text *\\\/\\n  font-weight: bold;\\n}\\n\\n\\\/* Borders + padding *\\\/\\ntable td,\\ntable th {\\n  border: 1px solid #003399; \\\/* EU Blue borders *\\\/\\n  padding: 12px;\\n  text-align: left;\\n}\\n\\n\\\/* Even rows (excluding header): light EU blue *\\\/\\ntable tr:nth-child(even):not(:first-child) {\\n  background-color: #cdd8f6; \\\/* Light pastel EU blue *\\\/\\n}\\n\\n\\\/* Odd rows (excluding header): medium EU blue *\\\/\\ntable tr:nth-child(odd):not(:first-child) {\\n  background-color: #99b3e6; \\\/* Medium EU blue *\\\/\\n}\\n\\\/* Set first column width *\\\/\\ntable td:first-child,\\ntable th:first-child {\\n  width: 10%; \\\/* Adjust this value as needed *\\\/\\n  word-wrap: break-word;\\n}&#8221;,&#8221;margin&#8221;:&#8221;default&#8221;}}]}]}]},{&#8220;type&#8221;:&#8221;section&#8221;,&#8221;props&#8221;:{&#8220;image_position&#8221;:&#8221;center-center&#8221;,&#8221;style&#8221;:&#8221;default&#8221;,&#8221;title_breakpoint&#8221;:&#8221;xl&#8221;,&#8221;title_position&#8221;:&#8221;top-left&#8221;,&#8221;title_rotation&#8221;:&#8221;left&#8221;,&#8221;vertical_align&#8221;:&#8221;middle&#8221;,&#8221;width&#8221;:&#8221;default&#8221;},&#8221;children&#8221;:[{&#8220;type&#8221;:&#8221;row&#8221;,&#8221;children&#8221;:[{&#8220;type&#8221;:&#8221;column&#8221;,&#8221;props&#8221;:{&#8220;image_position&#8221;:&#8221;center-center&#8221;,&#8221;position_sticky_breakpoint&#8221;:&#8221;m&#8221;},&#8221;children&#8221;:[{&#8220;type&#8221;:&#8221;text&#8221;,&#8221;props&#8221;:{&#8220;column_breakpoint&#8221;:&#8221;m&#8221;,&#8221;content&#8221;:&#8221;<\/p>\n<table cellspacing=\\\"0\\\" cellpadding=\\\"3\\\" dir=\\\"ltr\\\" border=\\\"1\\\" style=\\\"border-collapse: collapse; width: 100%;\\\">\n<colgroup>\n<col style=\\\"width: 10%;\\\" \\\/>\n<col style=\\\"width: 10%;\\\" \\\/>\n<col style=\\\"width: 20%;\\\" \\\/>\n<col style=\\\"width: 60%;\\\" \\\/> <\\\/colgroup>\\n<\/p>\n<tbody><!-- Combined title row -->\\n<\/p>\n<tr>\\n<\/p>\n<td colspan=\\\"4\\\" style=\\\"text-align: center; background-color: #003399; color: white; font-weight: bold; padding: 6px; line-height: 1.3;\\\">EUROPE DAY EVENTS IN OTHER REGIONS OF THE COUNTRY, 1 MAY \\u2013 1 JUNE 2025<br \\\/>Venue: various locations listed below<\\\/td>\\n<\\\/tr>\\n<!-- Table headers -->\\n<\/p>\n<tr style=\\\"background-color: #ffd700; color: #003399;\\\">\\n<\/p>\n<td><strong>Date<\\\/strong><\\\/td>\\n<\/p>\n<td><strong>Time<\\\/strong><\\\/td>\\n<\/p>\n<td><strong>Location<\\\/strong><\\\/td>\\n<\/p>\n<td><strong>Activity<\\\/strong><\\\/td>\\n<\\\/tr>\\n<!-- Event rows -->\\n<\/p>\n<tr>\\n<\/p>\n<td>6-8 May <\\\/td>\\n<\/p>\n<td>09:30<\\\/td>\\n<\/p>\n<td>Chi\\u0219in\\u0103u, Summit Events, Barcelona Hall <\\\/td>\\n<\/p>\n<td><span style=\\\"color: #003399; font-weight: bold;\\\">Civil Society Collaboration Lab \\n<\\\/span><br \\\/>Over two-and-a-half days, ten Moldovan civil society organisations will join forces to co-design initiatives and pool their expertise, advancing democratic processes and delivering innovative solutions to shared challenges across the region. The lab is part of the regional Project \\u201cResilient Civil Society in the Eastern Partnership Region,\\u201d implemented by People in Need with support from the European Union. Guided by an experienced facilitator, participants will exchange lessons learned, form cross-border project teams and refine concrete proposals eligible for upcoming sub-grants. Interactive formats\\u2014speed-networking, \\u201cworld-caf\\u00e9\\u201d discussions and live pitching\\u2014will ensure lively peer learning and tangible outcomes that embody Europe Day\\u2019s spirit of unity and\\u00a0shared\\u00a0values.<\\\/td>\\n<\\\/tr>\\n    <\/p>\n<tr>\\n<\/p>\n<td colspan=\\\"3\\\">Mid-day, open to students and academic staff of the Technical University only<\\\/td>\\n<\/p>\n<td><span style=\\\"color: #003399; font-weight: bold;\\\">Lecture by Mr. Alberto Carlei, Head of the EIB Representation in Moldova<\\\/span>, at the Technical University: \\u2018Discover the EU\\u2019s financial arm \\u2013 a lecture on the European Investment Bank and its investment processes\\u2019, open to students and academic staff of the Technical University.<\\\/td>\\n<\\\/tr>\\n<\/p>\n<tr>\\n<\/p>\n<td>9 May<\\\/td>\\n<\/p>\n<td>09:00<\\\/td>\\n<\/p>\n<td>Ungheni<\\\/td>\\n<\/p>\n<td><span style=\\\"color: #003399; font-weight: bold;\\\">Europe Day in Ungheni<\\\/span><br \\\/>Europe Day in Ungheni will be celebrated with vibrant cultural events, community gatherings, and activities promoting European values and unity. The residents will celebrate with music, dances and exhibitions showcasing the diversity and richness of European traditions.<\\\/td>\\n<\\\/tr>\\n<\/p>\n<tr>\\n<\/p>\n<td>10 May<\\\/td>\\n<\/p>\n<td>09:00<\\\/td>\\n<\/p>\n<td>Orhei<\\\/td>\\n<\/p>\n<td><span style=\\\"color: #003399; font-weight: bold;\\\">Europe Day in Orhei<\\\/span><br \\\/>This event is organised by a group of geography teachers under the leadership of High School \\u201cOnisifor Ghibu\\u201d in Orhei.<\\\/td>\\n<\\\/tr>\\n\\n<\/p>\n<tr>\\n<\/p>\n<td>16 May<\\\/td>\\n<\/p>\n<td>09:00<\\\/td>\\n<\/p>\n<td>Vocational School of Bubuieci, Chi\\u0219in\\u0103u Municipality, 25\\\/2 Livezilor St.<\\\/td>\\n<\/p>\n<td><span style=\\\"color: #003399; font-weight: bold;\\\">Open doors into the world of bees: \\u201cWorld Bee Day &amp; Open Doors Day Event\\u201d<\\\/span><br \\\/>You are warmly invited to attend an educational and celebratory event hosted by the Vocational School of Bubuieci, with the support of Casa Albinei SRL, the National Association of Beekeepers of Moldova, the Local Public Administration of Bubuieci, the Embassy of Slovenia, the Ministry of Education and Research of Moldova, and the Ministry of Agriculture and Food Industry. <br \\\/><br \\\/>The event is dedicated to the fascinating world of bees and the professional opportunities in beekeeping, as well as other fields offered by the school: floriculture, gastronomy, and commerce. It also celebrates World Bee Day, held on May 20, 2025, commemorating the birth of Anton Jan\\u0161a, a Slovenian beekeeper and pioneer of modern beekeeping.\\n<\/p>\n<ul>\\n<\/p>\n<li>Engaging presentations on the vital role of bees in ecosystems<\\\/li>\\n\n<li>Live beekeeping demonstrations<\\\/li>\\n\n<li>Culinary workshops featuring bee products, flowers, pastries, and sweets<\\\/li>\\n\n<li>An exhibition of honey products, artisan sweets, and local specialties<\\\/li>\\n\n<li>Expert panel discussions on beekeeping, gastronomy, commerce, floriculture, and entrepreneurship<\\\/li>\\n<\\\/ul>\\n<\\\/td>\\n<\\\/tr>\\n<br \/>\n<tr>\\n<\/p>\n<td>17 May<\\\/td>\\n<\/p>\n<td>10:00<\\\/td>\\n<\/p>\n<td>C\\u0103u\\u0219eni Hub<\\\/td>\\n<\/p>\n<td><span style=\\\"color: #003399; font-weight: bold;\\\">\\&#8221;EU cunosc EU\\&#8221; &#8211; Trivia about the European Union<\\\/span><br \\\/>The winners of the quiz will be chosen from among the four teams from the two institutions in C\\u0103u\\u0219eni.<\\\/td>\\n<\\\/tr>\\n<\/p>\n<tr>\\n<\/p>\n<td>17 May<\\\/td>\\n<\/p>\n<td>11:00<\\\/td>\\n<\/p>\n<td>Cahul, \\&#8221;Nicolae Botgros\\&#8221; Palace of Culture<\\\/td>\\n<\/p>\n<td><span style=\\\"color: #003399; font-weight: bold;\\\">Family Festival in Cahul<\\\/span><br \\\/>The Family Festival in Cahul brings the community together for a joyful celebration of shared values and cultural traditions. This lively event features music and dance performances, interactive workshops, and fun activities for all ages. Families can explore creative displays, enjoy local crafts and food, and participate in discussions about Cahul&#8217;s future. Blending entertainment with community spirit, the festival creates meaningful connections between generations. It&#8217;s a perfect opportunity to experience the warmth of Cahul&#8217;s culture.<\\\/td>\\n<\\\/tr>\\n    <\/p>\n<tr>\\n<\/p>\n<td>18 May<\\\/td>\\n<\/p>\n<td>10:30<\\\/td>\\n<\/p>\n<td>C\\u0103u\\u0219eni<\\\/td>\\n<\/p>\n<td><span style=\\\"color: #003399; font-weight: bold;\\\">European Marathon<\\\/span><br \\\/>\\nThe activity will start at 10:30, near the Central Bus Station C\\u0103u\\u0219eni and will gather 10 teams of 3 persons per team. The winning teams will receive prizes.<\\\/td>\\n<\\\/tr>\\n    <\/p>\n<tr>\\n<\/p>\n<td>27 May<\\\/td>\\n<\/p>\n<td>14:00<\\\/td>\\n<\/p>\n<td>Chi\\u0219in\\u0103u, Europe Caf\\u00e9<\\\/td>\\n<\/p>\n<td><span style=\\\"color: #003399; font-weight: bold;\\\">Closing event of the Youth Minority Leaders Academy<\\\/span><br \\\/>The project is implemented with the financial support of GIZ and the EU (grant programme under the \\u2018EU4Youth: Youth Engagement and Empowerment\\u2019 project). The project aimed at developing leadership among 100 young people from ethnic communities in Gagauzia, Taraclia, and the Basarabeasca district. Over 6 months, young people worked with experts and attended trainings and workshops on civic activism, political literacy, human rights, minority rights, and European standards in the field of national minorities.<\\\/td>\\n<\\\/tr>\\n<\/p>\n<tr>\\n<\/p>\n<td>1 June<\\\/td>\\n<\/p>\n<td>18:00<\\\/td>\\n<\/p>\n<td>Tighina Fortress in Tiraspol<\\\/td>\\n<\/p>\n<td><span style=\\\"color: #003399; font-weight: bold;\\\">Concert \\u201cDisney Music\\u201d dedicated to children at the Tighina Fortress<\\\/span><br \\\/>The concert is organised within the European Union Confidence Building Measures Programme, implemented by UNDP Moldova.<\\\/td>\\n<\\\/tr>\\n<\\\/tbody>\\n<\\\/table>&#8220;,&#8221;css&#8221;:&#8221;\\\/* Base table settings *\\\/\\ntable {\\n  width: 100%;\\n  border-collapse: collapse;\\n  table-layout: fixed;\\n}\\n\\n\\\/* Header row: EU yellow background, blue text *\\\/\\ntable tr:first-child {\\n  background-color: #FFCC00; \\\/* EU Yellow *\\\/\\n  color: #003399;            \\\/* EU Blue text *\\\/\\n  font-weight: bold;\\n}\\n\\n\\\/* Borders + padding *\\\/\\ntable td,\\ntable th {\\n  border: 1px solid #003399; \\\/* EU Blue borders *\\\/\\n  padding: 12px;\\n  text-align: left;\\n}\\n\\n\\\/* Even rows (excluding header): light EU blue *\\\/\\ntable tr:nth-child(even):not(:first-child) {\\n  background-color: #cdd8f6; \\\/* Light pastel EU blue *\\\/\\n}\\n\\n\\\/* Odd rows (excluding header): medium EU blue *\\\/\\ntable tr:nth-child(odd):not(:first-child) {\\n  background-color: #99b3e6; \\\/* Medium EU blue *\\\/\\n}\\n\\\/* Set first column width *\\\/\\ntable td:first-child,\\ntable th:first-child {\\n  width: 10%; \\\/* Adjust this value as needed *\\\/\\n  word-wrap: break-word;\\n}&#8221;,&#8221;margin&#8221;:&#8221;default&#8221;}}]}]}]},{&#8220;type&#8221;:&#8221;section&#8221;,&#8221;props&#8221;:{&#8220;image_position&#8221;:&#8221;center-center&#8221;,&#8221;style&#8221;:&#8221;default&#8221;,&#8221;title_breakpoint&#8221;:&#8221;xl&#8221;,&#8221;title_position&#8221;:&#8221;top-left&#8221;,&#8221;title_rotation&#8221;:&#8221;left&#8221;,&#8221;vertical_align&#8221;:&#8221;middle&#8221;,&#8221;width&#8221;:&#8221;default&#8221;},&#8221;children&#8221;:[{&#8220;type&#8221;:&#8221;row&#8221;,&#8221;children&#8221;:[{&#8220;type&#8221;:&#8221;column&#8221;,&#8221;props&#8221;:{&#8220;image_position&#8221;:&#8221;center-center&#8221;,&#8221;position_sticky_breakpoint&#8221;:&#8221;m&#8221;},&#8221;children&#8221;:[{&#8220;type&#8221;:&#8221;headline&#8221;,&#8221;props&#8221;:{&#8220;content&#8221;:&#8221;<!DOCTYPE html>\\n<html lang=\\\"en\\\">\\n<head>\\n  <meta charset=\\\"UTF-8\\\">\\n  <meta name=\\\"viewport\\\" content=\\\"width=device-width, initial-scale=1.0\\\">\\n  <title> Watch now<\\\/title>\\n  <\/p>\n<style>\\n    \\\/* Style for the preliminary agenda *\\\/\\n    table {\\n      width: 80%;\\n      margin: 0 auto;\\n      margin-top: 30px;\\n      opacity: 0; \\\/* Initially hidden *\\\/\\n      animation: fadeIn 2s forwards; \\\/* Apply fade-in effect *\\\/\\n    }\\n\\n    \\\/* Keyframe for fade-in animation *\\\/\\n    @keyframes fadeIn {\\n      0% {\\n        opacity: 0;\\n      }\\n      100% {\\n        opacity: 1;\\n      }\\n    }\\n\\n    \\\/* Styling for the table *\\\/\\n    td {\\n      padding: 15px;\\n      text-align: center;\\n    }\\n\\n    \\\/* Merged row with event title *\\\/\\n    td[colspan=\\\"2\\\"] {\\n      background-color: #003399;\\n      color: white;\\n      font-weight: bold;\\n    }\\n  <\\\/style>\\n<\\\/head>\\n<body>\\n\\n  <!-- Table for Preliminary Agenda -->\\n  <\/p>\n<table cellspacing=\\\"0\\\" cellpadding=\\\"3\\\" dir=\\\"ltr\\\" border=\\\"1\\\">\\n    <\/p>\n<colgroup>\\n      <\/p>\n<col style=\\\"width: 15%;\\\" \\\/> <!-- Adjust the width of the 'Time' column -->\\n      <\/p>\n<col style=\\\"width: 85%;\\\" \\\/> <!-- Adjust the width of the 'Activity' column -->\\n    <\\\/colgroup>\\n    <\/p>\n<tbody>\\n      <!-- Merged row with event title -->\\n      <\/p>\n<tr>\\n        <\/p>\n<td colspan=\\\"2\\\" style=\\\"text-align: center; background-color: #003399; color: white; font-weight: bold; padding: 15px;\\\">\\n          Watch now:\\n        <\\\/td>\\n      <\\\/tr>\\n    <\\\/tbody>\\n  <\\\/table>\\n<\\\/body>\\n<\\\/html>\",\"title_element\":\"h1\"}},{\"type\":\"gallery\",\"props\":{\"content_display\":\"lightbox\",\"content_expand\":false,\"filter\":false,\"filter_align\":\"left\",\"filter_all\":true,\"filter_grid_breakpoint\":\"m\",\"filter_grid_width\":\"auto\",\"filter_position\":\"top\",\"filter_style\":\"tab\",\"grid_column_align\":false,\"grid_column_gap\":\"small\",\"grid_default\":\"1\",\"grid_divider\":false,\"grid_medium\":\"3\",\"grid_parallax_justify\":false,\"grid_row_align\":true,\"grid_row_gap\":\"large\",\"image_expand\":false,\"item_animation\":true,\"item_maxwidth\":\"large\",\"lightbox\":true,\"lightbox_bg_close\":false,\"lightbox_controls\":true,\"lightbox_counter\":false,\"lightbox_image_orientation\":false,\"link_fullwidth\":false,\"link_margin\":\"remove\",\"link_style\":\"default\",\"link_text\":\"\",\"margin\":\"default\",\"meta_align\":\"below-title\",\"meta_element\":\"div\",\"meta_style\":\"text-meta\",\"overlay_hover\":true,\"overlay_link\":true,\"overlay_maxwidth\":\"2xlarge\",\"overlay_mode\":\"cover\",\"overlay_padding\":\"none\",\"overlay_position\":\"center\",\"overlay_style\":\"overlay-primary\",\"overlay_transition\":\"fade\",\"overlay_transition_background\":false,\"show_content\":true,\"show_hover_image\":true,\"show_hover_video\":true,\"show_link\":true,\"show_meta\":true,\"show_title\":true,\"text_align\":\"center\",\"text_color\":\"\",\"title_display\":\"lightbox\",\"title_element\":\"h3\",\"title_hover_style\":\"reset\",\"title_link\":false},\"children\":[{\"type\":\"gallery_item\",\"props\":{\"content\":\"\",\"hover_image\":\"\",\"hover_video\":\"\",\"image\":\"\",\"text_color_hover\":false,\"title\":\"\",\"video\":\"https:\\\/\\\/www.youtube.com\\\/watch?v=XUhRStpzq2s&ab_channel=EUDelegationMoldova\"}},{\"type\":\"gallery_item\",\"props\":{\"video\":\"https:\\\/\\\/www.youtube.com\\\/watch?v=g1_bgF0kf6M&ab_channel=EUDelegationMoldova\"}},{\"type\":\"gallery_item\",\"props\":{\"image\":\"\",\"video\":\"https:\\\/\\\/www.youtube.com\\\/watch?v=gLpbZnh8iwc&ab_channel=EUDelegationMoldova\"}},{\"type\":\"gallery_item\",\"props\":{\"image\":\"\",\"video\":\"https:\\\/\\\/www.youtube.com\\\/watch?v=b30Z4xN4874&ab_channel=EUDelegationMoldova\"}},{\"type\":\"gallery_item\",\"props\":{\"video\":\"https:\\\/\\\/www.youtube.com\\\/watch?v=iS_zHgjLGfM&ab_channel=EUDelegationMoldova\"}},{\"type\":\"gallery_item\",\"props\":{\"video\":\"https:\\\/\\\/www.youtube.com\\\/watch?v=ZOTXWgbqVbU&ab_channel=EUDelegationMoldova\"}},{\"type\":\"gallery_item\",\"props\":{\"video\":\"https:\\\/\\\/www.youtube.com\\\/watch?v=FtM8X2Gjn_g&ab_channel=EUDelegationMoldova\"}},{\"type\":\"gallery_item\",\"props\":{\"video\":\"https:\\\/\\\/www.youtube.com\\\/watch?v=1EU0bZwstV4&ab_channel=EUDelegationMoldova\"}},{\"type\":\"gallery_item\",\"props\":{\"video\":\"https:\\\/\\\/www.youtube.com\\\/watch?v=GFoUQUbTGq4&ab_channel=EUDelegationMoldova\"}},{\"type\":\"gallery_item\",\"props\":{\"video\":\"https:\\\/\\\/www.youtube.com\\\/watch?v=XpplewC3B-c&ab_channel=EUDelegationMoldova\"}},{\"type\":\"gallery_item\",\"props\":{\"video\":\"https:\\\/\\\/www.youtube.com\\\/watch?v=boA5hqOQDlQ&t=16s\"}},{\"type\":\"gallery_item\",\"props\":{\"video\":\"https:\\\/\\\/www.youtube.com\\\/watch?v=X__9GHRd4_o&ab_channel=EUDelegationMoldova\"}},{\"type\":\"gallery_item\",\"props\":{\"video\":\"https:\\\/\\\/www.youtube.com\\\/watch?v=7MbKT0EOZls&ab_channel=EUDelegationMoldova\"}},{\"type\":\"gallery_item\",\"props\":{\"video\":\"https:\\\/\\\/www.youtube.com\\\/watch?v=w2Hnjl1y2qY&ab_channel=EUDelegationMoldova\"}},{\"type\":\"gallery_item\",\"props\":{\"video\":\"https:\\\/\\\/www.youtube.com\\\/watch?v=LTuJ4kZ5mJs&ab_channel=EUDelegationMoldova\"}},{\"type\":\"gallery_item\",\"props\":{\"video\":\"https:\\\/\\\/www.youtube.com\\\/watch?v=nTOOWEvQt78&ab_channel=EUDelegationMoldova\"}},{\"type\":\"gallery_item\",\"props\":{\"video\":\"https:\\\/\\\/www.youtube.com\\\/watch?v=CiPKHbzKbEc&ab_channel=EUDelegationMoldova\"}},{\"type\":\"gallery_item\",\"props\":{\"video\":\"https:\\\/\\\/www.youtube.com\\\/watch?v=i7dx3xCCBFI&ab_channel=EUDelegationMoldova\"}},{\"type\":\"gallery_item\",\"props\":{\"video\":\"https:\\\/\\\/www.youtube.com\\\/watch?v=BApIBDUB0zc\"}},{\"type\":\"gallery_item\",\"props\":{\"video\":\"https:\\\/\\\/www.youtube.com\\\/watch?v=gOlpoqq4Sjo&ab_channel=EUDelegationMoldova\"}},{\"type\":\"gallery_item\",\"props\":{\"video\":\"https:\\\/\\\/www.youtube.com\\\/watch?v=iJYG2kYNWLY\"}},{\"type\":\"gallery_item\",\"props\":{\"video\":\"https:\\\/\\\/www.youtube.com\\\/watch?v=uGg8QpLQnQI&ab_channel=EUDelegationMoldova\"}},{\"type\":\"gallery_item\",\"props\":{\"video\":\"https:\\\/\\\/www.youtube.com\\\/watch?v=8e7qPozl84g&ab_channel=EUDelegationMoldova\"}},{\"type\":\"gallery_item\",\"props\":{\"video\":\"https:\\\/\\\/www.youtube.com\\\/watch?v=2-KGfzBrMAA&ab_channel=EUDelegationMoldova\"}},{\"type\":\"gallery_item\",\"props\":{\"video\":\"https:\\\/\\\/www.youtube.com\\\/watch?v=ZJgAV8ozGtQ&ab_channel=EUDelegationMoldova\"}},{\"type\":\"gallery_item\",\"props\":{\"video\":\"https:\\\/\\\/www.youtube.com\\\/watch?v=-3K9ubQzTOU\"}},{\"type\":\"gallery_item\",\"props\":{\"video\":\"https:\\\/\\\/www.youtube.com\\\/watch?v=FloiE0XFIhs&ab_channel=EUDelegationMoldova\"}},{\"type\":\"gallery_item\",\"props\":{\"video\":\"https:\\\/\\\/www.youtube.com\\\/watch?v=fxz4F6F_FGw&ab_channel=EUDelegationMoldova\"}},{\"type\":\"gallery_item\",\"props\":{\"video\":\"https:\\\/\\\/www.youtube.com\\\/watch?v=Y4Dbqe081qk&ab_channel=EUDelegationMoldova\"}},{\"type\":\"gallery_item\",\"props\":{\"video\":\"https:\\\/\\\/www.youtube.com\\\/watch?v=4NfTEnrZrzc&ab_channel=EUDelegationMoldova\"}},{\"type\":\"gallery_item\",\"props\":{\"video\":\"https:\\\/\\\/www.youtube.com\\\/watch?v=VU9zke8_OkA&ab_channel=EUDelegationMoldova\"}}]}]}]}]}],\"version\":\"4.5.14\"} --><\/p>\n","protected":false},"excerpt":{"rendered":"<p>EUROPEAN FILM AND CULTURE FESTIVAL, 19\u201331 MAY 2025 Venue: various locations listed below Date Time Location Event 14-31 May 10:00 Chi\u0219in\u0103u, Moldova State University, Faculty of Letters Exhibition \u201cIngeborg Bachmann \u2013 Writing against the War\u201d This exhibition is dedicated to life and work of Austrian author Ingeborg Bachmann (1926\u20131973). The exhibition shows the life of [&hellip;]<\/p>\n","protected":false},"author":35,"featured_media":0,"parent":0,"menu_order":0,"comment_status":"closed","ping_status":"closed","template":"","meta":{"_acf_changed":false,"footnotes":""},"class_list":["post-132799","page","type-page","status-publish","hentry"],"acf":[],"yoast_head":"<!-- This site is optimized with the Yoast SEO plugin v27.5 - https:\/\/yoast.com\/product\/yoast-seo-wordpress\/ -->\n<title>Europe Day 2025 - EU for Moldova<\/title>\n<meta name=\"robots\" content=\"index, follow, max-snippet:-1, max-image-preview:large, max-video-preview:-1\" \/>\n<link rel=\"canonical\" href=\"https:\/\/eu4moldova.eu\/en\/europe-day-2025\/\" \/>\n<meta property=\"og:locale\" content=\"en_US\" \/>\n<meta property=\"og:type\" content=\"article\" \/>\n<meta property=\"og:title\" content=\"Europe Day 2025 - EU for Moldova\" \/>\n<meta property=\"og:description\" content=\"EUROPEAN FILM AND CULTURE FESTIVAL, 19\u201331 MAY 2025 Venue: various locations listed below Date Time Location Event 14-31 May 10:00 Chi\u0219in\u0103u, Moldova State University, Faculty of Letters Exhibition \u201cIngeborg Bachmann \u2013 Writing against the War\u201d This exhibition is dedicated to life and work of Austrian author Ingeborg Bachmann (1926\u20131973). The exhibition shows the life of [&hellip;]\" \/>\n<meta property=\"og:url\" content=\"https:\/\/eu4moldova.eu\/en\/europe-day-2025\/\" \/>\n<meta property=\"og:site_name\" content=\"EU for Moldova\" \/>\n<meta property=\"article:publisher\" content=\"https:\/\/www.facebook.com\/EUDelegationMoldova\/\" \/>\n<meta property=\"article:modified_time\" content=\"2025-05-22T13:16:03+00:00\" \/>\n<meta property=\"og:image\" content=\"https:\/\/eu4moldova.eu\/wp-content\/uploads\/EU-flag_1.jpg\" \/>\n\t<meta property=\"og:image:width\" content=\"1600\" \/>\n\t<meta property=\"og:image:height\" content=\"900\" \/>\n\t<meta property=\"og:image:type\" content=\"image\/jpeg\" \/>\n<meta name=\"twitter:card\" content=\"summary_large_image\" \/>\n<meta name=\"twitter:site\" content=\"@euinmoldova\" \/>\n<meta name=\"twitter:label1\" content=\"Est. reading time\" \/>\n\t<meta name=\"twitter:data1\" content=\"30 minutes\" \/>\n<script type=\"application\/ld+json\" class=\"yoast-schema-graph\">{\"@context\":\"https:\\\/\\\/schema.org\",\"@graph\":[{\"@type\":\"WebPage\",\"@id\":\"https:\\\/\\\/eu4moldova.eu\\\/en\\\/europe-day-2025\\\/\",\"url\":\"https:\\\/\\\/eu4moldova.eu\\\/en\\\/europe-day-2025\\\/\",\"name\":\"Europe Day 2025 - EU for Moldova\",\"isPartOf\":{\"@id\":\"https:\\\/\\\/eu4moldova.eu\\\/#website\"},\"datePublished\":\"2025-04-15T16:11:00+00:00\",\"dateModified\":\"2025-05-22T13:16:03+00:00\",\"breadcrumb\":{\"@id\":\"https:\\\/\\\/eu4moldova.eu\\\/en\\\/europe-day-2025\\\/#breadcrumb\"},\"inLanguage\":\"en-US\",\"potentialAction\":[{\"@type\":\"ReadAction\",\"target\":[\"https:\\\/\\\/eu4moldova.eu\\\/en\\\/europe-day-2025\\\/\"]}]},{\"@type\":\"BreadcrumbList\",\"@id\":\"https:\\\/\\\/eu4moldova.eu\\\/en\\\/europe-day-2025\\\/#breadcrumb\",\"itemListElement\":[{\"@type\":\"ListItem\",\"position\":1,\"name\":\"Home\",\"item\":\"https:\\\/\\\/eu4moldova.eu\\\/en\\\/\"},{\"@type\":\"ListItem\",\"position\":2,\"name\":\"Europe Day 2025\"}]},{\"@type\":\"WebSite\",\"@id\":\"https:\\\/\\\/eu4moldova.eu\\\/#website\",\"url\":\"https:\\\/\\\/eu4moldova.eu\\\/\",\"name\":\"EU for Moldova\",\"description\":\"European Union for the Republic of Moldova\",\"publisher\":{\"@id\":\"https:\\\/\\\/eu4moldova.eu\\\/#organization\"},\"potentialAction\":[{\"@type\":\"SearchAction\",\"target\":{\"@type\":\"EntryPoint\",\"urlTemplate\":\"https:\\\/\\\/eu4moldova.eu\\\/?s={search_term_string}\"},\"query-input\":{\"@type\":\"PropertyValueSpecification\",\"valueRequired\":true,\"valueName\":\"search_term_string\"}}],\"inLanguage\":\"en-US\"},{\"@type\":\"Organization\",\"@id\":\"https:\\\/\\\/eu4moldova.eu\\\/#organization\",\"name\":\"European Union in the Republic of Moldova\",\"url\":\"https:\\\/\\\/eu4moldova.eu\\\/\",\"logo\":{\"@type\":\"ImageObject\",\"inLanguage\":\"en-US\",\"@id\":\"https:\\\/\\\/eu4moldova.eu\\\/#\\\/schema\\\/logo\\\/image\\\/\",\"url\":\"https:\\\/\\\/eu4moldova.eu\\\/wp-content\\\/uploads\\\/eu-moldova-logo-1.png\",\"contentUrl\":\"https:\\\/\\\/eu4moldova.eu\\\/wp-content\\\/uploads\\\/eu-moldova-logo-1.png\",\"width\":5057,\"height\":870,\"caption\":\"European Union in the Republic of Moldova\"},\"image\":{\"@id\":\"https:\\\/\\\/eu4moldova.eu\\\/#\\\/schema\\\/logo\\\/image\\\/\"},\"sameAs\":[\"https:\\\/\\\/www.facebook.com\\\/EUDelegationMoldova\\\/\",\"https:\\\/\\\/x.com\\\/euinmoldova\",\"https:\\\/\\\/www.instagram.com\\\/euinmoldova\",\"https:\\\/\\\/www.youtube.com\\\/c\\\/EUDelegationMoldova\"]}]}<\/script>\n<!-- \/ Yoast SEO plugin. -->","yoast_head_json":{"title":"Europe Day 2025 - EU for Moldova","robots":{"index":"index","follow":"follow","max-snippet":"max-snippet:-1","max-image-preview":"max-image-preview:large","max-video-preview":"max-video-preview:-1"},"canonical":"https:\/\/eu4moldova.eu\/en\/europe-day-2025\/","og_locale":"en_US","og_type":"article","og_title":"Europe Day 2025 - EU for Moldova","og_description":"EUROPEAN FILM AND CULTURE FESTIVAL, 19\u201331 MAY 2025 Venue: various locations listed below Date Time Location Event 14-31 May 10:00 Chi\u0219in\u0103u, Moldova State University, Faculty of Letters Exhibition \u201cIngeborg Bachmann \u2013 Writing against the War\u201d This exhibition is dedicated to life and work of Austrian author Ingeborg Bachmann (1926\u20131973). The exhibition shows the life of [&hellip;]","og_url":"https:\/\/eu4moldova.eu\/en\/europe-day-2025\/","og_site_name":"EU for Moldova","article_publisher":"https:\/\/www.facebook.com\/EUDelegationMoldova\/","article_modified_time":"2025-05-22T13:16:03+00:00","og_image":[{"width":1600,"height":900,"url":"https:\/\/eu4moldova.eu\/wp-content\/uploads\/EU-flag_1.jpg","type":"image\/jpeg"}],"twitter_card":"summary_large_image","twitter_site":"@euinmoldova","twitter_misc":{"Est. reading time":"30 minutes"},"schema":{"@context":"https:\/\/schema.org","@graph":[{"@type":"WebPage","@id":"https:\/\/eu4moldova.eu\/en\/europe-day-2025\/","url":"https:\/\/eu4moldova.eu\/en\/europe-day-2025\/","name":"Europe Day 2025 - EU for Moldova","isPartOf":{"@id":"https:\/\/eu4moldova.eu\/#website"},"datePublished":"2025-04-15T16:11:00+00:00","dateModified":"2025-05-22T13:16:03+00:00","breadcrumb":{"@id":"https:\/\/eu4moldova.eu\/en\/europe-day-2025\/#breadcrumb"},"inLanguage":"en-US","potentialAction":[{"@type":"ReadAction","target":["https:\/\/eu4moldova.eu\/en\/europe-day-2025\/"]}]},{"@type":"BreadcrumbList","@id":"https:\/\/eu4moldova.eu\/en\/europe-day-2025\/#breadcrumb","itemListElement":[{"@type":"ListItem","position":1,"name":"Home","item":"https:\/\/eu4moldova.eu\/en\/"},{"@type":"ListItem","position":2,"name":"Europe Day 2025"}]},{"@type":"WebSite","@id":"https:\/\/eu4moldova.eu\/#website","url":"https:\/\/eu4moldova.eu\/","name":"EU for Moldova","description":"European Union for the Republic of Moldova","publisher":{"@id":"https:\/\/eu4moldova.eu\/#organization"},"potentialAction":[{"@type":"SearchAction","target":{"@type":"EntryPoint","urlTemplate":"https:\/\/eu4moldova.eu\/?s={search_term_string}"},"query-input":{"@type":"PropertyValueSpecification","valueRequired":true,"valueName":"search_term_string"}}],"inLanguage":"en-US"},{"@type":"Organization","@id":"https:\/\/eu4moldova.eu\/#organization","name":"European Union in the Republic of Moldova","url":"https:\/\/eu4moldova.eu\/","logo":{"@type":"ImageObject","inLanguage":"en-US","@id":"https:\/\/eu4moldova.eu\/#\/schema\/logo\/image\/","url":"https:\/\/eu4moldova.eu\/wp-content\/uploads\/eu-moldova-logo-1.png","contentUrl":"https:\/\/eu4moldova.eu\/wp-content\/uploads\/eu-moldova-logo-1.png","width":5057,"height":870,"caption":"European Union in the Republic of Moldova"},"image":{"@id":"https:\/\/eu4moldova.eu\/#\/schema\/logo\/image\/"},"sameAs":["https:\/\/www.facebook.com\/EUDelegationMoldova\/","https:\/\/x.com\/euinmoldova","https:\/\/www.instagram.com\/euinmoldova","https:\/\/www.youtube.com\/c\/EUDelegationMoldova"]}]}},"_links":{"self":[{"href":"https:\/\/eu4moldova.eu\/en\/wp-json\/wp\/v2\/pages\/132799","targetHints":{"allow":["GET"]}}],"collection":[{"href":"https:\/\/eu4moldova.eu\/en\/wp-json\/wp\/v2\/pages"}],"about":[{"href":"https:\/\/eu4moldova.eu\/en\/wp-json\/wp\/v2\/types\/page"}],"author":[{"embeddable":true,"href":"https:\/\/eu4moldova.eu\/en\/wp-json\/wp\/v2\/users\/35"}],"replies":[{"embeddable":true,"href":"https:\/\/eu4moldova.eu\/en\/wp-json\/wp\/v2\/comments?post=132799"}],"version-history":[{"count":229,"href":"https:\/\/eu4moldova.eu\/en\/wp-json\/wp\/v2\/pages\/132799\/revisions"}],"predecessor-version":[{"id":134496,"href":"https:\/\/eu4moldova.eu\/en\/wp-json\/wp\/v2\/pages\/132799\/revisions\/134496"}],"wp:attachment":[{"href":"https:\/\/eu4moldova.eu\/en\/wp-json\/wp\/v2\/media?parent=132799"}],"curies":[{"name":"wp","href":"https:\/\/api.w.org\/{rel}","templated":true}]}}